{"id":64,"date":"2020-10-16T23:24:30","date_gmt":"2020-10-16T21:24:30","guid":{"rendered":"http:\/\/www.physiokin.fr\/?page_id=64"},"modified":"2026-03-26T23:20:01","modified_gmt":"2026-03-26T22:20:01","slug":"therapie-manuelle-membres-inferieurs-et-superieurs","status":"publish","type":"page","link":"https:\/\/www.physiokin.fr\/index.php\/formations\/therapie-manuelle-membres-inferieurs-et-superieurs\/","title":{"rendered":"Th\u00e9rapie manuelle membres inf\u00e9rieurs et sup\u00e9rieurs"},"content":{"rendered":"\t\t<div data-elementor-type=\"wp-page\" data-elementor-id=\"64\" class=\"elementor elementor-64\" data-elementor-post-type=\"page\">\n\t\t\t\t\t\t<section class=\"elementor-section elementor-top-section elementor-element elementor-element-6c488735 elementor-section-full_width elementor-section-height-default elementor-section-height-default\" data-id=\"6c488735\" data-element_type=\"section\" data-settings=\"{&quot;background_background&quot;:&quot;classic&quot;}\">\n\t\t\t\t\t\t<div class=\"elementor-container elementor-column-gap-default\">\n\t\t\t\t\t<div class=\"elementor-column elementor-col-50 elementor-top-column elementor-element elementor-element-7685a041\" data-id=\"7685a041\" data-element_type=\"column\">\n\t\t\t<div class=\"elementor-widget-wrap elementor-element-populated\">\n\t\t\t\t\t\t<section class=\"elementor-section elementor-inner-section elementor-element elementor-element-4972a332 elementor-section-boxed elementor-section-height-default elementor-section-height-default\" data-id=\"4972a332\" data-element_type=\"section\" data-settings=\"{&quot;background_background&quot;:&quot;classic&quot;}\">\n\t\t\t\t\t\t\t<div class=\"elementor-background-overlay\"><\/div>\n\t\t\t\t\t\t\t<div class=\"elementor-container elementor-column-gap-default\">\n\t\t\t\t\t<div class=\"elementor-column elementor-col-100 elementor-inner-column elementor-element elementor-element-2fee16a\" data-id=\"2fee16a\" data-element_type=\"column\">\n\t\t\t<div class=\"elementor-widget-wrap elementor-element-populated\">\n\t\t\t\t\t\t<div class=\"elementor-element elementor-element-102451ad elementor-widget-divider--view-line elementor-widget elementor-widget-divider\" data-id=\"102451ad\" data-element_type=\"widget\" data-widget_type=\"divider.default\">\n\t\t\t\t<div class=\"elementor-widget-container\">\n\t\t\t\t\t\t\t<div class=\"elementor-divider\">\n\t\t\t<span class=\"elementor-divider-separator\">\n\t\t\t\t\t\t<\/span>\n\t\t<\/div>\n\t\t\t\t\t\t<\/div>\n\t\t\t\t<\/div>\n\t\t\t\t<div class=\"elementor-element elementor-element-81d99db elementor-widget elementor-widget-text-editor\" data-id=\"81d99db\" data-element_type=\"widget\" data-widget_type=\"text-editor.default\">\n\t\t\t\t<div class=\"elementor-widget-container\">\n\t\t\t\t\t\t\t\t\t<p style=\"text-align: center;\"><span style=\"color: #ffffff;\"><strong>TMS des membres : Des th\u00e9rapies manuelles vers l\u2019autonomie du patient<\/strong><\/span><\/p>\t\t\t\t\t\t\t\t<\/div>\n\t\t\t\t<\/div>\n\t\t\t\t\t<\/div>\n\t\t<\/div>\n\t\t\t\t\t<\/div>\n\t\t<\/section>\n\t\t\t\t<section class=\"elementor-section elementor-inner-section elementor-element elementor-element-6bc307c elementor-section-boxed elementor-section-height-default elementor-section-height-default\" data-id=\"6bc307c\" data-element_type=\"section\" data-settings=\"{&quot;background_background&quot;:&quot;classic&quot;}\">\n\t\t\t\t\t\t<div class=\"elementor-container elementor-column-gap-default\">\n\t\t\t\t\t<div class=\"elementor-column elementor-col-100 elementor-inner-column elementor-element elementor-element-0b50103\" data-id=\"0b50103\" data-element_type=\"column\" data-settings=\"{&quot;background_background&quot;:&quot;classic&quot;}\">\n\t\t\t<div class=\"elementor-widget-wrap elementor-element-populated\">\n\t\t\t\t\t\t<div class=\"elementor-element elementor-element-532d9c6 elementor-widget elementor-widget-heading\" data-id=\"532d9c6\" data-element_type=\"widget\" data-widget_type=\"heading.default\">\n\t\t\t\t<div class=\"elementor-widget-container\">\n\t\t\t\t\t<p class=\"elementor-heading-title elementor-size-default\">Nombre de jours\u00a0: 2 \u2013 Nombre d\u2019heure\u00a0: 12 pr\u00e9sentielles+ 4 en EPP autonomie \u00e0 distance\n\n<\/p>\t\t\t\t<\/div>\n\t\t\t\t<\/div>\n\t\t\t\t\t<\/div>\n\t\t<\/div>\n\t\t\t\t\t<\/div>\n\t\t<\/section>\n\t\t\t\t<section class=\"elementor-section elementor-inner-section elementor-element elementor-element-9ecf424 elementor-section-boxed elementor-section-height-default elementor-section-height-default\" data-id=\"9ecf424\" data-element_type=\"section\" data-settings=\"{&quot;background_background&quot;:&quot;classic&quot;}\">\n\t\t\t\t\t\t<div class=\"elementor-container elementor-column-gap-default\">\n\t\t\t\t\t<div class=\"elementor-column elementor-col-33 elementor-inner-column elementor-element elementor-element-0e33c96\" data-id=\"0e33c96\" data-element_type=\"column\">\n\t\t\t<div class=\"elementor-widget-wrap elementor-element-populated\">\n\t\t\t\t\t\t<div class=\"elementor-element elementor-element-ea59eaf elementor-view-default elementor-position-top elementor-mobile-position-top elementor-widget elementor-widget-icon-box\" data-id=\"ea59eaf\" data-element_type=\"widget\" data-widget_type=\"icon-box.default\">\n\t\t\t\t<div class=\"elementor-widget-container\">\n\t\t\t\t\t\t\t<div class=\"elementor-icon-box-wrapper\">\n\n\t\t\t\t\t\t<div class=\"elementor-icon-box-icon\">\n\t\t\t\t<span  class=\"elementor-icon\">\n\t\t\t\t<i aria-hidden=\"true\" class=\"far fa-clipboard\"><\/i>\t\t\t\t<\/span>\n\t\t\t<\/div>\n\t\t\t\n\t\t\t\t\t\t<div class=\"elementor-icon-box-content\">\n\n\t\t\t\t\t\t\t\t\t<p class=\"elementor-icon-box-title\">\n\t\t\t\t\t\t<span  >\n\t\t\t\t\t\t\tPour poursuivre cette formation, vous devez \u00eatre titulaire du dipl\u00f4me MK\t\t\t\t\t\t<\/span>\n\t\t\t\t\t<\/p>\n\t\t\t\t\n\t\t\t\t\n\t\t\t<\/div>\n\t\t\t\n\t\t<\/div>\n\t\t\t\t\t\t<\/div>\n\t\t\t\t<\/div>\n\t\t\t\t\t<\/div>\n\t\t<\/div>\n\t\t\t\t<div class=\"elementor-column elementor-col-33 elementor-inner-column elementor-element elementor-element-3208c5a\" data-id=\"3208c5a\" data-element_type=\"column\">\n\t\t\t<div class=\"elementor-widget-wrap elementor-element-populated\">\n\t\t\t\t\t\t<div class=\"elementor-element elementor-element-4211393 elementor-view-default elementor-position-top elementor-mobile-position-top elementor-widget elementor-widget-icon-box\" data-id=\"4211393\" data-element_type=\"widget\" data-widget_type=\"icon-box.default\">\n\t\t\t\t<div class=\"elementor-widget-container\">\n\t\t\t\t\t\t\t<div class=\"elementor-icon-box-wrapper\">\n\n\t\t\t\t\t\t<div class=\"elementor-icon-box-icon\">\n\t\t\t\t<span  class=\"elementor-icon\">\n\t\t\t\t<i aria-hidden=\"true\" class=\"far fa-money-bill-alt\"><\/i>\t\t\t\t<\/span>\n\t\t\t<\/div>\n\t\t\t\n\t\t\t\t\t\t<div class=\"elementor-icon-box-content\">\n\n\t\t\t\t\t\t\t\t\t<p class=\"elementor-icon-box-title\">\n\t\t\t\t\t\t<span  >\n\t\t\t\t\t\t\tCo\u00fbt de la formation : 550\u20ac + co\u00fbt EPP enti\u00e8rement pris en charge par l\u2019AGENCE DU DPC ou le FIF-PL\t\t\t\t\t\t<\/span>\n\t\t\t\t\t<\/p>\n\t\t\t\t\n\t\t\t\t\n\t\t\t<\/div>\n\t\t\t\n\t\t<\/div>\n\t\t\t\t\t\t<\/div>\n\t\t\t\t<\/div>\n\t\t\t\t\t<\/div>\n\t\t<\/div>\n\t\t\t\t<div class=\"elementor-column elementor-col-33 elementor-inner-column elementor-element elementor-element-1851acd\" data-id=\"1851acd\" data-element_type=\"column\">\n\t\t\t<div class=\"elementor-widget-wrap elementor-element-populated\">\n\t\t\t\t\t\t<div class=\"elementor-element elementor-element-b3afefd elementor-view-default elementor-position-top elementor-mobile-position-top elementor-widget elementor-widget-icon-box\" data-id=\"b3afefd\" data-element_type=\"widget\" data-widget_type=\"icon-box.default\">\n\t\t\t\t<div class=\"elementor-widget-container\">\n\t\t\t\t\t\t\t<div class=\"elementor-icon-box-wrapper\">\n\n\t\t\t\t\t\t<div class=\"elementor-icon-box-icon\">\n\t\t\t\t<span  class=\"elementor-icon\">\n\t\t\t\t<i aria-hidden=\"true\" class=\"fas fa-house-user\"><\/i>\t\t\t\t<\/span>\n\t\t\t<\/div>\n\t\t\t\n\t\t\t\t\t\t<div class=\"elementor-icon-box-content\">\n\n\t\t\t\t\t\t\t\t\t<p class=\"elementor-icon-box-title\">\n\t\t\t\t\t\t<span  >\n\t\t\t\t\t\t\tCette formation est un programme int\u00e9gr\u00e9 avec 12h en pr\u00e9sentiel et 4 heures de travail autonome pour l'\u00e9valuation des pratiques professionnelles (EPP)\t\t\t\t\t\t<\/span>\n\t\t\t\t\t<\/p>\n\t\t\t\t\n\t\t\t\t\n\t\t\t<\/div>\n\t\t\t\n\t\t<\/div>\n\t\t\t\t\t\t<\/div>\n\t\t\t\t<\/div>\n\t\t\t\t\t<\/div>\n\t\t<\/div>\n\t\t\t\t\t<\/div>\n\t\t<\/section>\n\t\t\t\t<section class=\"elementor-section elementor-inner-section elementor-element elementor-element-499a99f7 elementor-section-boxed elementor-section-height-default elementor-section-height-default\" data-id=\"499a99f7\" data-element_type=\"section\" data-settings=\"{&quot;background_background&quot;:&quot;classic&quot;}\">\n\t\t\t\t\t\t<div class=\"elementor-container elementor-column-gap-default\">\n\t\t\t\t\t<div class=\"elementor-column elementor-col-100 elementor-inner-column elementor-element elementor-element-7bee9360\" data-id=\"7bee9360\" data-element_type=\"column\">\n\t\t\t<div class=\"elementor-widget-wrap elementor-element-populated\">\n\t\t\t\t\t\t<div class=\"elementor-element elementor-element-21530c1 elementor-widget elementor-widget-heading\" data-id=\"21530c1\" data-element_type=\"widget\" data-widget_type=\"heading.default\">\n\t\t\t\t<div class=\"elementor-widget-container\">\n\t\t\t\t\t<h2 class=\"elementor-heading-title elementor-size-default\">INTERVENANTS<\/h2>\t\t\t\t<\/div>\n\t\t\t\t<\/div>\n\t\t\t\t<div class=\"elementor-element elementor-element-6def500f elementor-widget-divider--view-line elementor-widget elementor-widget-divider\" data-id=\"6def500f\" data-element_type=\"widget\" data-widget_type=\"divider.default\">\n\t\t\t\t<div class=\"elementor-widget-container\">\n\t\t\t\t\t\t\t<div class=\"elementor-divider\">\n\t\t\t<span class=\"elementor-divider-separator\">\n\t\t\t\t\t\t<\/span>\n\t\t<\/div>\n\t\t\t\t\t\t<\/div>\n\t\t\t\t<\/div>\n\t\t\t\t\t<\/div>\n\t\t<\/div>\n\t\t\t\t\t<\/div>\n\t\t<\/section>\n\t\t\t\t<section class=\"elementor-section elementor-inner-section elementor-element elementor-element-43bc65d1 elementor-section-boxed elementor-section-height-default elementor-section-height-default\" data-id=\"43bc65d1\" data-element_type=\"section\" data-settings=\"{&quot;background_background&quot;:&quot;classic&quot;}\">\n\t\t\t\t\t\t<div class=\"elementor-container elementor-column-gap-default\">\n\t\t\t\t\t<div class=\"elementor-column elementor-col-50 elementor-inner-column elementor-element elementor-element-779d3dfc\" data-id=\"779d3dfc\" data-element_type=\"column\">\n\t\t\t<div class=\"elementor-widget-wrap elementor-element-populated\">\n\t\t\t\t\t\t<div class=\"elementor-element elementor-element-2cb63657 elementor-position-left elementor-vertical-align-middle elementor-view-default elementor-mobile-position-top elementor-widget elementor-widget-icon-box\" data-id=\"2cb63657\" data-element_type=\"widget\" data-widget_type=\"icon-box.default\">\n\t\t\t\t<div class=\"elementor-widget-container\">\n\t\t\t\t\t\t\t<div class=\"elementor-icon-box-wrapper\">\n\n\t\t\t\t\t\t<div class=\"elementor-icon-box-icon\">\n\t\t\t\t<span  class=\"elementor-icon\">\n\t\t\t\t<i aria-hidden=\"true\" class=\"far fa-user\"><\/i>\t\t\t\t<\/span>\n\t\t\t<\/div>\n\t\t\t\n\t\t\t\t\t\t<div class=\"elementor-icon-box-content\">\n\n\t\t\t\t\t\t\t\t\t<p class=\"elementor-icon-box-title\">\n\t\t\t\t\t\t<span  >\n\t\t\t\t\t\t\tBRUNO PIERRE\t\t\t\t\t\t<\/span>\n\t\t\t\t\t<\/p>\n\t\t\t\t\n\t\t\t\t\n\t\t\t<\/div>\n\t\t\t\n\t\t<\/div>\n\t\t\t\t\t\t<\/div>\n\t\t\t\t<\/div>\n\t\t\t\t\t<\/div>\n\t\t<\/div>\n\t\t\t\t<div class=\"elementor-column elementor-col-50 elementor-inner-column elementor-element elementor-element-41a2e401\" data-id=\"41a2e401\" data-element_type=\"column\">\n\t\t\t<div class=\"elementor-widget-wrap\">\n\t\t\t\t\t\t\t<\/div>\n\t\t<\/div>\n\t\t\t\t\t<\/div>\n\t\t<\/section>\n\t\t\t\t<section class=\"elementor-section elementor-inner-section elementor-element elementor-element-722d0706 elementor-section-boxed elementor-section-height-default elementor-section-height-default\" data-id=\"722d0706\" data-element_type=\"section\" data-settings=\"{&quot;background_background&quot;:&quot;classic&quot;}\">\n\t\t\t\t\t\t<div class=\"elementor-container elementor-column-gap-default\">\n\t\t\t\t\t<div class=\"elementor-column elementor-col-50 elementor-inner-column elementor-element elementor-element-7bed15a1\" data-id=\"7bed15a1\" data-element_type=\"column\">\n\t\t\t<div class=\"elementor-widget-wrap elementor-element-populated\">\n\t\t\t\t\t\t<div class=\"elementor-element elementor-element-517e320d elementor-widget elementor-widget-heading\" data-id=\"517e320d\" data-element_type=\"widget\" data-widget_type=\"heading.default\">\n\t\t\t\t<div class=\"elementor-widget-container\">\n\t\t\t\t\t<h3 class=\"elementor-heading-title elementor-size-default\">DIPL\u00d4MES<\/h3>\t\t\t\t<\/div>\n\t\t\t\t<\/div>\n\t\t\t\t<div class=\"elementor-element elementor-element-2ee06f1c elementor-icon-list--layout-traditional elementor-list-item-link-full_width elementor-widget elementor-widget-icon-list\" data-id=\"2ee06f1c\" data-element_type=\"widget\" data-widget_type=\"icon-list.default\">\n\t\t\t\t<div class=\"elementor-widget-container\">\n\t\t\t\t\t\t\t<ul class=\"elementor-icon-list-items\">\n\t\t\t\t\t\t\t<li class=\"elementor-icon-list-item\">\n\t\t\t\t\t\t\t\t\t\t\t<span class=\"elementor-icon-list-icon\">\n\t\t\t\t\t\t\t<i aria-hidden=\"true\" class=\"far fa-id-card\"><\/i>\t\t\t\t\t\t<\/span>\n\t\t\t\t\t\t\t\t\t\t<span class=\"elementor-icon-list-text\">2014 : Dipl\u00f4me d\u2019ost\u00e9opathe, \u00c9cole Franco-Britannique de B\u00e9ziers (EFBO)<\/span>\n\t\t\t\t\t\t\t\t\t<\/li>\n\t\t\t\t\t\t\t\t<li class=\"elementor-icon-list-item\">\n\t\t\t\t\t\t\t\t\t\t\t<span class=\"elementor-icon-list-icon\">\n\t\t\t\t\t\t\t<i aria-hidden=\"true\" class=\"far fa-id-card\"><\/i>\t\t\t\t\t\t<\/span>\n\t\t\t\t\t\t\t\t\t\t<span class=\"elementor-icon-list-text\">2012 : Dipl\u00f4me de cadre de sant\u00e9 (DRJSCS)<\/span>\n\t\t\t\t\t\t\t\t\t<\/li>\n\t\t\t\t\t\t\t\t<li class=\"elementor-icon-list-item\">\n\t\t\t\t\t\t\t\t\t\t\t<span class=\"elementor-icon-list-icon\">\n\t\t\t\t\t\t\t<i aria-hidden=\"true\" class=\"far fa-id-card\"><\/i>\t\t\t\t\t\t<\/span>\n\t\t\t\t\t\t\t\t\t\t<span class=\"elementor-icon-list-text\">MASTER 2 en Sciences Sociales, sp\u00e9cialit\u00e9 Sciences de l\u2019Education, option responsable de formation. Universit\u00e9 d\u2019Aix Marseille et Montpellier 3<\/span>\n\t\t\t\t\t\t\t\t\t<\/li>\n\t\t\t\t\t\t\t\t<li class=\"elementor-icon-list-item\">\n\t\t\t\t\t\t\t\t\t\t\t<span class=\"elementor-icon-list-icon\">\n\t\t\t\t\t\t\t<i aria-hidden=\"true\" class=\"far fa-id-card\"><\/i>\t\t\t\t\t\t<\/span>\n\t\t\t\t\t\t\t\t\t\t<span class=\"elementor-icon-list-text\">2007 : MASTER 2 en Sciences et Sant\u00e9, sp\u00e9cialit\u00e9 ing\u00e9nierie de la r\u00e9\u00e9ducation, du handicap et de la performance motrice. Universit\u00e9 d\u2019Amiens<\/span>\n\t\t\t\t\t\t\t\t\t<\/li>\n\t\t\t\t\t\t<\/ul>\n\t\t\t\t\t\t<\/div>\n\t\t\t\t<\/div>\n\t\t\t\t\t<\/div>\n\t\t<\/div>\n\t\t\t\t<div class=\"elementor-column elementor-col-50 elementor-inner-column elementor-element elementor-element-58a0e9b6\" data-id=\"58a0e9b6\" data-element_type=\"column\">\n\t\t\t<div class=\"elementor-widget-wrap elementor-element-populated\">\n\t\t\t\t\t\t<div class=\"elementor-element elementor-element-7e475d51 elementor-widget elementor-widget-heading\" data-id=\"7e475d51\" data-element_type=\"widget\" data-widget_type=\"heading.default\">\n\t\t\t\t<div class=\"elementor-widget-container\">\n\t\t\t\t\t<h3 class=\"elementor-heading-title elementor-size-default\">FORMATION<\/h3>\t\t\t\t<\/div>\n\t\t\t\t<\/div>\n\t\t\t\t<div class=\"elementor-element elementor-element-6ead2fb1 elementor-icon-list--layout-traditional elementor-list-item-link-full_width elementor-widget elementor-widget-icon-list\" data-id=\"6ead2fb1\" data-element_type=\"widget\" data-widget_type=\"icon-list.default\">\n\t\t\t\t<div class=\"elementor-widget-container\">\n\t\t\t\t\t\t\t<ul class=\"elementor-icon-list-items\">\n\t\t\t\t\t\t\t<li class=\"elementor-icon-list-item\">\n\t\t\t\t\t\t\t\t\t\t\t<span class=\"elementor-icon-list-icon\">\n\t\t\t\t\t\t\t<i aria-hidden=\"true\" class=\"far fa-check-circle\"><\/i>\t\t\t\t\t\t<\/span>\n\t\t\t\t\t\t\t\t\t\t<span class=\"elementor-icon-list-text\">Masseur-kin\u00e9sith\u00e9rapeute DE, Ost\u00e9opathe DO exer\u00e7ant en activit\u00e9 lib\u00e9rale<\/span>\n\t\t\t\t\t\t\t\t\t<\/li>\n\t\t\t\t\t\t\t\t<li class=\"elementor-icon-list-item\">\n\t\t\t\t\t\t\t\t\t\t\t<span class=\"elementor-icon-list-icon\">\n\t\t\t\t\t\t\t<i aria-hidden=\"true\" class=\"far fa-check-circle\"><\/i>\t\t\t\t\t\t<\/span>\n\t\t\t\t\t\t\t\t\t\t<span class=\"elementor-icon-list-text\">Cadre de sant\u00e9<\/span>\n\t\t\t\t\t\t\t\t\t<\/li>\n\t\t\t\t\t\t\t\t<li class=\"elementor-icon-list-item\">\n\t\t\t\t\t\t\t\t\t\t\t<span class=\"elementor-icon-list-icon\">\n\t\t\t\t\t\t\t<i aria-hidden=\"true\" class=\"far fa-check-circle\"><\/i>\t\t\t\t\t\t<\/span>\n\t\t\t\t\t\t\t\t\t\t<span class=\"elementor-icon-list-text\">Enseignant vacataire de l\u2019universit\u00e9 Picardie Jules Verne dans le domaine de l\u2018expertise en activit\u00e9 physique adapt\u00e9e \u00e0 la maladie chronique<\/span>\n\t\t\t\t\t\t\t\t\t<\/li>\n\t\t\t\t\t\t\t\t<li class=\"elementor-icon-list-item\">\n\t\t\t\t\t\t\t\t\t\t\t<span class=\"elementor-icon-list-icon\">\n\t\t\t\t\t\t\t<i aria-hidden=\"true\" class=\"far fa-check-circle\"><\/i>\t\t\t\t\t\t<\/span>\n\t\t\t\t\t\t\t\t\t\t<span class=\"elementor-icon-list-text\">Conseil en ergonomie pour la chambre des m\u00e9tiers d\u2019Amiens<\/span>\n\t\t\t\t\t\t\t\t\t<\/li>\n\t\t\t\t\t\t<\/ul>\n\t\t\t\t\t\t<\/div>\n\t\t\t\t<\/div>\n\t\t\t\t\t<\/div>\n\t\t<\/div>\n\t\t\t\t\t<\/div>\n\t\t<\/section>\n\t\t\t\t<section class=\"elementor-section elementor-inner-section elementor-element elementor-element-523008b0 elementor-section-boxed elementor-section-height-default elementor-section-height-default\" data-id=\"523008b0\" data-element_type=\"section\" data-settings=\"{&quot;background_background&quot;:&quot;classic&quot;}\">\n\t\t\t\t\t\t<div class=\"elementor-container elementor-column-gap-default\">\n\t\t\t\t\t<div class=\"elementor-column elementor-col-100 elementor-inner-column elementor-element elementor-element-21d7b575\" data-id=\"21d7b575\" data-element_type=\"column\" data-settings=\"{&quot;background_background&quot;:&quot;classic&quot;}\">\n\t\t\t<div class=\"elementor-widget-wrap elementor-element-populated\">\n\t\t\t\t\t\t<div class=\"elementor-element elementor-element-7277431f elementor-widget elementor-widget-image\" data-id=\"7277431f\" data-element_type=\"widget\" data-widget_type=\"image.default\">\n\t\t\t\t<div class=\"elementor-widget-container\">\n\t\t\t\t\t\t\t\t\t\t\t\t\t\t\t<img decoding=\"async\" width=\"200\" height=\"200\" src=\"https:\/\/www.physiokin.fr\/wp-content\/uploads\/2020\/10\/Site-physiokin.png\" class=\"attachment-large size-large wp-image-123\" alt=\"\" srcset=\"https:\/\/www.physiokin.fr\/wp-content\/uploads\/2020\/10\/Site-physiokin.png 200w, https:\/\/www.physiokin.fr\/wp-content\/uploads\/2020\/10\/Site-physiokin-150x150.png 150w\" sizes=\"(max-width: 200px) 100vw, 200px\" \/>\t\t\t\t\t\t\t\t\t\t\t\t\t\t\t<\/div>\n\t\t\t\t<\/div>\n\t\t\t\t<div class=\"elementor-element elementor-element-6d22d20a elementor-widget elementor-widget-heading\" data-id=\"6d22d20a\" data-element_type=\"widget\" data-widget_type=\"heading.default\">\n\t\t\t\t<div class=\"elementor-widget-container\">\n\t\t\t\t\t<h2 class=\"elementor-heading-title elementor-size-default\">OBJECTIFS P\u00c9DAGOGIQUES<\/h2>\t\t\t\t<\/div>\n\t\t\t\t<\/div>\n\t\t\t\t<div class=\"elementor-element elementor-element-317c8af7 elementor-widget elementor-widget-text-editor\" data-id=\"317c8af7\" data-element_type=\"widget\" data-widget_type=\"text-editor.default\">\n\t\t\t\t<div class=\"elementor-widget-container\">\n\t\t\t\t\t\t\t\t\t<p>\u00c0 l\u2019issue de cette formation le MK aura acquis les comp\u00e9tences pour\u00a0:<\/p>\t\t\t\t\t\t\t\t<\/div>\n\t\t\t\t<\/div>\n\t\t\t\t<div class=\"elementor-element elementor-element-2bc6b28e elementor-icon-list--layout-traditional elementor-list-item-link-full_width elementor-widget elementor-widget-icon-list\" data-id=\"2bc6b28e\" data-element_type=\"widget\" data-widget_type=\"icon-list.default\">\n\t\t\t\t<div class=\"elementor-widget-container\">\n\t\t\t\t\t\t\t<ul class=\"elementor-icon-list-items\">\n\t\t\t\t\t\t\t<li class=\"elementor-icon-list-item\">\n\t\t\t\t\t\t\t\t\t\t\t<span class=\"elementor-icon-list-icon\">\n\t\t\t\t\t\t\t<i aria-hidden=\"true\" class=\"fas fa-check\"><\/i>\t\t\t\t\t\t<\/span>\n\t\t\t\t\t\t\t\t\t\t<span class=\"elementor-icon-list-text\">Etablir un bilan diagnostic clinique du patient incluant les drapeaux rouges en vue de lui proposer son programme personnalis\u00e9 de r\u00e9\u00e9ducation et d\u2019auto-r\u00e9\u00e9ducation<\/span>\n\t\t\t\t\t\t\t\t\t<\/li>\n\t\t\t\t\t\t\t\t<li class=\"elementor-icon-list-item\">\n\t\t\t\t\t\t\t\t\t\t\t<span class=\"elementor-icon-list-icon\">\n\t\t\t\t\t\t\t<i aria-hidden=\"true\" class=\"fas fa-check\"><\/i>\t\t\t\t\t\t<\/span>\n\t\t\t\t\t\t\t\t\t\t<span class=\"elementor-icon-list-text\">\u00c9valuer cliniquement une hanche, un genou et le complexe pied cheville<\/span>\n\t\t\t\t\t\t\t\t\t<\/li>\n\t\t\t\t\t\t\t\t<li class=\"elementor-icon-list-item\">\n\t\t\t\t\t\t\t\t\t\t\t<span class=\"elementor-icon-list-icon\">\n\t\t\t\t\t\t\t<i aria-hidden=\"true\" class=\"fas fa-check\"><\/i>\t\t\t\t\t\t<\/span>\n\t\t\t\t\t\t\t\t\t\t<span class=\"elementor-icon-list-text\">Maitriser les techniques de lev\u00e9 de tension des muscles cl\u00e9s  <\/span>\n\t\t\t\t\t\t\t\t\t<\/li>\n\t\t\t\t\t\t\t\t<li class=\"elementor-icon-list-item\">\n\t\t\t\t\t\t\t\t\t\t\t<span class=\"elementor-icon-list-icon\">\n\t\t\t\t\t\t\t<i aria-hidden=\"true\" class=\"fas fa-check\"><\/i>\t\t\t\t\t\t<\/span>\n\t\t\t\t\t\t\t\t\t\t<span class=\"elementor-icon-list-text\">Appr\u00e9hender les ajustements articulaires correctives non forc\u00e9es en conformit\u00e9 avec l\u2019avis du Conseil de l\u2019Ordre<\/span>\n\t\t\t\t\t\t\t\t\t<\/li>\n\t\t\t\t\t\t\t\t<li class=\"elementor-icon-list-item\">\n\t\t\t\t\t\t\t\t\t\t\t<span class=\"elementor-icon-list-icon\">\n\t\t\t\t\t\t\t<i aria-hidden=\"true\" class=\"fas fa-check\"><\/i>\t\t\t\t\t\t<\/span>\n\t\t\t\t\t\t\t\t\t\t<span class=\"elementor-icon-list-text\">Maitriser les mobilisations m\u00e9canistes de restauration des amplitudes articulaires des articulations de la hanche, du genou et du complexe pied cheville<\/span>\n\t\t\t\t\t\t\t\t\t<\/li>\n\t\t\t\t\t\t\t\t<li class=\"elementor-icon-list-item\">\n\t\t\t\t\t\t\t\t\t\t\t<span class=\"elementor-icon-list-icon\">\n\t\t\t\t\t\t\t<i aria-hidden=\"true\" class=\"fas fa-check\"><\/i>\t\t\t\t\t\t<\/span>\n\t\t\t\t\t\t\t\t\t\t<span class=\"elementor-icon-list-text\">Mettre en place le protocole de Stanish (exemple d\u2019une tendinopathie d\u2019Achille)<\/span>\n\t\t\t\t\t\t\t\t\t<\/li>\n\t\t\t\t\t\t\t\t<li class=\"elementor-icon-list-item\">\n\t\t\t\t\t\t\t\t\t\t\t<span class=\"elementor-icon-list-icon\">\n\t\t\t\t\t\t\t<i aria-hidden=\"true\" class=\"fas fa-check\"><\/i>\t\t\t\t\t\t<\/span>\n\t\t\t\t\t\t\t\t\t\t<span class=\"elementor-icon-list-text\">Maitriser les techniques auto-r\u00e9\u00e9ducatives qui ont vocation \u00e0 autonomiser le patient<\/span>\n\t\t\t\t\t\t\t\t\t<\/li>\n\t\t\t\t\t\t<\/ul>\n\t\t\t\t\t\t<\/div>\n\t\t\t\t<\/div>\n\t\t\t\t\t<\/div>\n\t\t<\/div>\n\t\t\t\t\t<\/div>\n\t\t<\/section>\n\t\t\t\t<section class=\"elementor-section elementor-inner-section elementor-element elementor-element-65cb0038 elementor-section-boxed elementor-section-height-default elementor-section-height-default\" data-id=\"65cb0038\" data-element_type=\"section\">\n\t\t\t\t\t\t<div class=\"elementor-container elementor-column-gap-default\">\n\t\t\t\t\t<div class=\"elementor-column elementor-col-100 elementor-inner-column elementor-element elementor-element-6b6ec58a\" data-id=\"6b6ec58a\" data-element_type=\"column\">\n\t\t\t<div class=\"elementor-widget-wrap elementor-element-populated\">\n\t\t\t\t\t\t<div class=\"elementor-element elementor-element-4a4ea5df elementor-widget elementor-widget-heading\" data-id=\"4a4ea5df\" data-element_type=\"widget\" data-widget_type=\"heading.default\">\n\t\t\t\t<div class=\"elementor-widget-container\">\n\t\t\t\t\t<h2 class=\"elementor-heading-title elementor-size-default\">DETAIL DU PROGRAMME DE LA<br> FORMATION\n<\/h2>\t\t\t\t<\/div>\n\t\t\t\t<\/div>\n\t\t\t\t<div class=\"elementor-element elementor-element-21109517 elementor-widget elementor-widget-heading\" data-id=\"21109517\" data-element_type=\"widget\" data-widget_type=\"heading.default\">\n\t\t\t\t<div class=\"elementor-widget-container\">\n\t\t\t\t\t<h3 class=\"elementor-heading-title elementor-size-default\">PROGRAMME DU S\u00c9MINAIRE SUR 2 JOURS<\/h3>\t\t\t\t<\/div>\n\t\t\t\t<\/div>\n\t\t\t\t\t<\/div>\n\t\t<\/div>\n\t\t\t\t\t<\/div>\n\t\t<\/section>\n\t\t\t\t<section class=\"elementor-section elementor-inner-section elementor-element elementor-element-5c65a8bf elementor-section-boxed elementor-section-height-default elementor-section-height-default\" data-id=\"5c65a8bf\" data-element_type=\"section\">\n\t\t\t\t\t\t<div class=\"elementor-container elementor-column-gap-default\">\n\t\t\t\t\t<div class=\"elementor-column elementor-col-100 elementor-inner-column elementor-element elementor-element-4e5808f4\" data-id=\"4e5808f4\" data-element_type=\"column\">\n\t\t\t<div class=\"elementor-widget-wrap elementor-element-populated\">\n\t\t\t\t\t\t<div class=\"elementor-element elementor-element-7a5b412a elementor-position-left elementor-vertical-align-middle elementor-view-default elementor-mobile-position-top elementor-widget elementor-widget-icon-box\" data-id=\"7a5b412a\" data-element_type=\"widget\" data-widget_type=\"icon-box.default\">\n\t\t\t\t<div class=\"elementor-widget-container\">\n\t\t\t\t\t\t\t<div class=\"elementor-icon-box-wrapper\">\n\n\t\t\t\t\t\t<div class=\"elementor-icon-box-icon\">\n\t\t\t\t<span  class=\"elementor-icon\">\n\t\t\t\t<i aria-hidden=\"true\" class=\"far fa-clone\"><\/i>\t\t\t\t<\/span>\n\t\t\t<\/div>\n\t\t\t\n\t\t\t\t\t\t<div class=\"elementor-icon-box-content\">\n\n\t\t\t\t\t\t\t\t\t<p class=\"elementor-icon-box-title\">\n\t\t\t\t\t\t<span  >\n\t\t\t\t\t\t\tLes TMS du membre inf\u00e9rieur : des th\u00e9rapies manuelles \u00e0 l\u2019auto-r\u00e9\u00e9ducation pour une autonomisation du patient adulte.\t\t\t\t\t\t<\/span>\n\t\t\t\t\t<\/p>\n\t\t\t\t\n\t\t\t\t\n\t\t\t<\/div>\n\t\t\t\n\t\t<\/div>\n\t\t\t\t\t\t<\/div>\n\t\t\t\t<\/div>\n\t\t\t\t\t<\/div>\n\t\t<\/div>\n\t\t\t\t\t<\/div>\n\t\t<\/section>\n\t\t\t\t<section class=\"elementor-section elementor-inner-section elementor-element elementor-element-5f6cf537 elementor-section-full_width elementor-section-height-default elementor-section-height-default\" data-id=\"5f6cf537\" data-element_type=\"section\">\n\t\t\t\t\t\t<div class=\"elementor-container elementor-column-gap-default\">\n\t\t\t\t\t<div class=\"elementor-column elementor-col-33 elementor-inner-column elementor-element elementor-element-48d9e26a\" data-id=\"48d9e26a\" data-element_type=\"column\">\n\t\t\t<div class=\"elementor-widget-wrap elementor-element-populated\">\n\t\t\t\t\t\t<div class=\"elementor-element elementor-element-55ac1fcf elementor-widget elementor-widget-image\" data-id=\"55ac1fcf\" data-element_type=\"widget\" data-widget_type=\"image.default\">\n\t\t\t\t<div class=\"elementor-widget-container\">\n\t\t\t\t\t\t\t\t\t\t\t\t\t\t\t<img decoding=\"async\" width=\"200\" height=\"200\" src=\"https:\/\/www.physiokin.fr\/wp-content\/uploads\/2020\/10\/12.png\" class=\"attachment-large size-large wp-image-124\" alt=\"\" srcset=\"https:\/\/www.physiokin.fr\/wp-content\/uploads\/2020\/10\/12.png 200w, https:\/\/www.physiokin.fr\/wp-content\/uploads\/2020\/10\/12-150x150.png 150w\" sizes=\"(max-width: 200px) 100vw, 200px\" \/>\t\t\t\t\t\t\t\t\t\t\t\t\t\t\t<\/div>\n\t\t\t\t<\/div>\n\t\t\t\t<div class=\"elementor-element elementor-element-59c5847e elementor-widget elementor-widget-heading\" data-id=\"59c5847e\" data-element_type=\"widget\" data-widget_type=\"heading.default\">\n\t\t\t\t<div class=\"elementor-widget-container\">\n\t\t\t\t\t<h3 class=\"elementor-heading-title elementor-size-default\">Objectifs p\u00e9dagogiques sp\u00e9cifiques<\/h3>\t\t\t\t<\/div>\n\t\t\t\t<\/div>\n\t\t\t\t<div class=\"elementor-element elementor-element-16714848 elementor-widget elementor-widget-text-editor\" data-id=\"16714848\" data-element_type=\"widget\" data-widget_type=\"text-editor.default\">\n\t\t\t\t<div class=\"elementor-widget-container\">\n\t\t\t\t\t\t\t\t\t<h4>S\u00c9QUENCE 1<br \/>DUR\u00c9E : 1h30<\/h4><ul><li>Accueillir les participants.<\/li><li>Traiter les dossiers administratifs.<\/li><li>Pr\u00e9senter le s\u00e9minaire, le formateur et les participants entre eux.<\/li><li>Retour sur le premier tour d\u2019audit clinique : synth\u00e8se collective et pistes d\u2019am\u00e9lioration des pratiques.<\/li><\/ul>\t\t\t\t\t\t\t\t<\/div>\n\t\t\t\t<\/div>\n\t\t\t\t\t<\/div>\n\t\t<\/div>\n\t\t\t\t<div class=\"elementor-column elementor-col-33 elementor-inner-column elementor-element elementor-element-46188f2\" data-id=\"46188f2\" data-element_type=\"column\">\n\t\t\t<div class=\"elementor-widget-wrap elementor-element-populated\">\n\t\t\t\t\t\t<div class=\"elementor-element elementor-element-56e4ae03 elementor-widget elementor-widget-image\" data-id=\"56e4ae03\" data-element_type=\"widget\" data-widget_type=\"image.default\">\n\t\t\t\t<div class=\"elementor-widget-container\">\n\t\t\t\t\t\t\t\t\t\t\t\t\t\t\t<img decoding=\"async\" width=\"200\" height=\"200\" src=\"https:\/\/www.physiokin.fr\/wp-content\/uploads\/2020\/10\/13.png\" class=\"attachment-large size-large wp-image-125\" alt=\"\" srcset=\"https:\/\/www.physiokin.fr\/wp-content\/uploads\/2020\/10\/13.png 200w, https:\/\/www.physiokin.fr\/wp-content\/uploads\/2020\/10\/13-150x150.png 150w\" sizes=\"(max-width: 200px) 100vw, 200px\" \/>\t\t\t\t\t\t\t\t\t\t\t\t\t\t\t<\/div>\n\t\t\t\t<\/div>\n\t\t\t\t<div class=\"elementor-element elementor-element-459be23b elementor-widget elementor-widget-heading\" data-id=\"459be23b\" data-element_type=\"widget\" data-widget_type=\"heading.default\">\n\t\t\t\t<div class=\"elementor-widget-container\">\n\t\t\t\t\t<h3 class=\"elementor-heading-title elementor-size-default\">Contenu <br> <br><\/h3>\t\t\t\t<\/div>\n\t\t\t\t<\/div>\n\t\t\t\t<div class=\"elementor-element elementor-element-2cb6591e elementor-widget elementor-widget-text-editor\" data-id=\"2cb6591e\" data-element_type=\"widget\" data-widget_type=\"text-editor.default\">\n\t\t\t\t<div class=\"elementor-widget-container\">\n\t\t\t\t\t\t\t\t\t<ul><li>Signature des feuilles d\u2019\u00e9margement, pr\u00e9sentation du programme du s\u00e9minaire, pr\u00e9sentation du formateur et des stagiaires, pr\u00e9sentation du contexte de la formation.<\/li><li>Retour sur le premier tour d\u2019audit clinique : \u00e9changes avec les participants sur les pistes d\u2019am\u00e9lioration des pratiques.<\/li><\/ul>\t\t\t\t\t\t\t\t<\/div>\n\t\t\t\t<\/div>\n\t\t\t\t\t<\/div>\n\t\t<\/div>\n\t\t\t\t<div class=\"elementor-column elementor-col-33 elementor-inner-column elementor-element elementor-element-32224e8e\" data-id=\"32224e8e\" data-element_type=\"column\">\n\t\t\t<div class=\"elementor-widget-wrap elementor-element-populated\">\n\t\t\t\t\t\t<div class=\"elementor-element elementor-element-711e37e1 elementor-widget elementor-widget-image\" data-id=\"711e37e1\" data-element_type=\"widget\" data-widget_type=\"image.default\">\n\t\t\t\t<div class=\"elementor-widget-container\">\n\t\t\t\t\t\t\t\t\t\t\t\t\t\t\t<img loading=\"lazy\" decoding=\"async\" width=\"200\" height=\"200\" src=\"https:\/\/www.physiokin.fr\/wp-content\/uploads\/2020\/10\/14.png\" class=\"attachment-large size-large wp-image-126\" alt=\"\" srcset=\"https:\/\/www.physiokin.fr\/wp-content\/uploads\/2020\/10\/14.png 200w, https:\/\/www.physiokin.fr\/wp-content\/uploads\/2020\/10\/14-150x150.png 150w\" sizes=\"(max-width: 200px) 100vw, 200px\" \/>\t\t\t\t\t\t\t\t\t\t\t\t\t\t\t<\/div>\n\t\t\t\t<\/div>\n\t\t\t\t<div class=\"elementor-element elementor-element-796a5f49 elementor-widget elementor-widget-heading\" data-id=\"796a5f49\" data-element_type=\"widget\" data-widget_type=\"heading.default\">\n\t\t\t\t<div class=\"elementor-widget-container\">\n\t\t\t\t\t<h3 class=\"elementor-heading-title elementor-size-default\">Outils et m\u00e9thodes p\u00e9dagogiques\n<\/h3>\t\t\t\t<\/div>\n\t\t\t\t<\/div>\n\t\t\t\t<div class=\"elementor-element elementor-element-46b7dc7c elementor-widget elementor-widget-text-editor\" data-id=\"46b7dc7c\" data-element_type=\"widget\" data-widget_type=\"text-editor.default\">\n\t\t\t\t<div class=\"elementor-widget-container\">\n\t\t\t\t\t\t\t\t\t<ul><li>Remise des dossiers administratifs au cas par cas, tour de table interactif avec recueil des informations sur paperboard, diapositives.<\/li><\/ul>\t\t\t\t\t\t\t\t<\/div>\n\t\t\t\t<\/div>\n\t\t\t\t\t<\/div>\n\t\t<\/div>\n\t\t\t\t\t<\/div>\n\t\t<\/section>\n\t\t\t\t<section class=\"elementor-section elementor-inner-section elementor-element elementor-element-4b39dac elementor-section-full_width elementor-section-height-default elementor-section-height-default\" data-id=\"4b39dac\" data-element_type=\"section\">\n\t\t\t\t\t\t<div class=\"elementor-container elementor-column-gap-default\">\n\t\t\t\t\t<div class=\"elementor-column elementor-col-33 elementor-inner-column elementor-element elementor-element-1686ab1\" data-id=\"1686ab1\" data-element_type=\"column\">\n\t\t\t<div class=\"elementor-widget-wrap elementor-element-populated\">\n\t\t\t\t\t\t<div class=\"elementor-element elementor-element-19f32e8 elementor-widget elementor-widget-image\" data-id=\"19f32e8\" data-element_type=\"widget\" data-widget_type=\"image.default\">\n\t\t\t\t<div class=\"elementor-widget-container\">\n\t\t\t\t\t\t\t\t\t\t\t\t\t\t\t<img decoding=\"async\" width=\"200\" height=\"200\" src=\"https:\/\/www.physiokin.fr\/wp-content\/uploads\/2020\/10\/12.png\" class=\"attachment-large size-large wp-image-124\" alt=\"\" srcset=\"https:\/\/www.physiokin.fr\/wp-content\/uploads\/2020\/10\/12.png 200w, https:\/\/www.physiokin.fr\/wp-content\/uploads\/2020\/10\/12-150x150.png 150w\" sizes=\"(max-width: 200px) 100vw, 200px\" \/>\t\t\t\t\t\t\t\t\t\t\t\t\t\t\t<\/div>\n\t\t\t\t<\/div>\n\t\t\t\t<div class=\"elementor-element elementor-element-02b6aa1 elementor-widget elementor-widget-heading\" data-id=\"02b6aa1\" data-element_type=\"widget\" data-widget_type=\"heading.default\">\n\t\t\t\t<div class=\"elementor-widget-container\">\n\t\t\t\t\t<h3 class=\"elementor-heading-title elementor-size-default\">Objectifs p\u00e9dagogiques sp\u00e9cifiques<\/h3>\t\t\t\t<\/div>\n\t\t\t\t<\/div>\n\t\t\t\t<div class=\"elementor-element elementor-element-d51e899 elementor-widget elementor-widget-text-editor\" data-id=\"d51e899\" data-element_type=\"widget\" data-widget_type=\"text-editor.default\">\n\t\t\t\t<div class=\"elementor-widget-container\">\n\t\t\t\t\t\t\t\t\t<h4>S\u00c9QUENCE 2<br \/>DUR\u00c9E : 2h00<\/h4><ul><li>Diagnostic Kin\u00e9sith\u00e9rapique : savoir \u00e9valuer cliniquement le patient en vue de lui proposer son programme personnalis\u00e9 et s\u00e9curis\u00e9 de r\u00e9\u00e9ducation et d\u2019auto-r\u00e9\u00e9ducation.<\/li><li>\u00c9valuer cliniquement une hanche, un genou et le complexe pied cheville.<\/li><\/ul>\t\t\t\t\t\t\t\t<\/div>\n\t\t\t\t<\/div>\n\t\t\t\t\t<\/div>\n\t\t<\/div>\n\t\t\t\t<div class=\"elementor-column elementor-col-33 elementor-inner-column elementor-element elementor-element-fdc1e85\" data-id=\"fdc1e85\" data-element_type=\"column\">\n\t\t\t<div class=\"elementor-widget-wrap elementor-element-populated\">\n\t\t\t\t\t\t<div class=\"elementor-element elementor-element-3b9bce2 elementor-widget elementor-widget-image\" data-id=\"3b9bce2\" data-element_type=\"widget\" data-widget_type=\"image.default\">\n\t\t\t\t<div class=\"elementor-widget-container\">\n\t\t\t\t\t\t\t\t\t\t\t\t\t\t\t<img decoding=\"async\" width=\"200\" height=\"200\" src=\"https:\/\/www.physiokin.fr\/wp-content\/uploads\/2020\/10\/13.png\" class=\"attachment-large size-large wp-image-125\" alt=\"\" srcset=\"https:\/\/www.physiokin.fr\/wp-content\/uploads\/2020\/10\/13.png 200w, https:\/\/www.physiokin.fr\/wp-content\/uploads\/2020\/10\/13-150x150.png 150w\" sizes=\"(max-width: 200px) 100vw, 200px\" \/>\t\t\t\t\t\t\t\t\t\t\t\t\t\t\t<\/div>\n\t\t\t\t<\/div>\n\t\t\t\t<div class=\"elementor-element elementor-element-7963737 elementor-widget elementor-widget-heading\" data-id=\"7963737\" data-element_type=\"widget\" data-widget_type=\"heading.default\">\n\t\t\t\t<div class=\"elementor-widget-container\">\n\t\t\t\t\t<h3 class=\"elementor-heading-title elementor-size-default\">Contenu <br> <br><\/h3>\t\t\t\t<\/div>\n\t\t\t\t<\/div>\n\t\t\t\t<div class=\"elementor-element elementor-element-fd37717 elementor-widget elementor-widget-text-editor\" data-id=\"fd37717\" data-element_type=\"widget\" data-widget_type=\"text-editor.default\">\n\t\t\t\t<div class=\"elementor-widget-container\">\n\t\t\t\t\t\t\t\t\t<ul><li>Les drapeaux rouges.<\/li><li>Les tests cliniques li\u00e9s a\u0300 l\u2019\u00e9valuation des articulations du membre inf\u00e9rieur.<\/li><li>\u00c9tablir un diagnostic kin\u00e9sith\u00e9rapique.<\/li><\/ul>\t\t\t\t\t\t\t\t<\/div>\n\t\t\t\t<\/div>\n\t\t\t\t\t<\/div>\n\t\t<\/div>\n\t\t\t\t<div class=\"elementor-column elementor-col-33 elementor-inner-column elementor-element elementor-element-bcaeb07\" data-id=\"bcaeb07\" data-element_type=\"column\">\n\t\t\t<div class=\"elementor-widget-wrap elementor-element-populated\">\n\t\t\t\t\t\t<div class=\"elementor-element elementor-element-9671d1a elementor-widget elementor-widget-image\" data-id=\"9671d1a\" data-element_type=\"widget\" data-widget_type=\"image.default\">\n\t\t\t\t<div class=\"elementor-widget-container\">\n\t\t\t\t\t\t\t\t\t\t\t\t\t\t\t<img loading=\"lazy\" decoding=\"async\" width=\"200\" height=\"200\" src=\"https:\/\/www.physiokin.fr\/wp-content\/uploads\/2020\/10\/14.png\" class=\"attachment-large size-large wp-image-126\" alt=\"\" srcset=\"https:\/\/www.physiokin.fr\/wp-content\/uploads\/2020\/10\/14.png 200w, https:\/\/www.physiokin.fr\/wp-content\/uploads\/2020\/10\/14-150x150.png 150w\" sizes=\"(max-width: 200px) 100vw, 200px\" \/>\t\t\t\t\t\t\t\t\t\t\t\t\t\t\t<\/div>\n\t\t\t\t<\/div>\n\t\t\t\t<div class=\"elementor-element elementor-element-1dd9274 elementor-widget elementor-widget-heading\" data-id=\"1dd9274\" data-element_type=\"widget\" data-widget_type=\"heading.default\">\n\t\t\t\t<div class=\"elementor-widget-container\">\n\t\t\t\t\t<h3 class=\"elementor-heading-title elementor-size-default\">Outils et m\u00e9thodes p\u00e9dagogiques\n<\/h3>\t\t\t\t<\/div>\n\t\t\t\t<\/div>\n\t\t\t\t<div class=\"elementor-element elementor-element-483a09d elementor-widget elementor-widget-text-editor\" data-id=\"483a09d\" data-element_type=\"widget\" data-widget_type=\"text-editor.default\">\n\t\t\t\t<div class=\"elementor-widget-container\">\n\t\t\t\t\t\t\t\t\t<ul><li>Diaporama, d\u00e9monstration par les formateurs, atelier pratique en bi ou trin\u00f4me sur table de soin, r\u00e9alisation de vid\u00e9os sur site pour r\u00e9vision \u00e0 post\u00e9riori.\u00a0<\/li><li>Pr\u00e9sentation d\u2019un arbre d\u00e9cisionnel mettant en lien les tests et les techniques.\u00a0<\/li><li>Travail collaboratif entre les stagiaires exp\u00e9riment\u00e9s et les novices.<\/li><\/ul>\t\t\t\t\t\t\t\t<\/div>\n\t\t\t\t<\/div>\n\t\t\t\t\t<\/div>\n\t\t<\/div>\n\t\t\t\t\t<\/div>\n\t\t<\/section>\n\t\t\t\t<section class=\"elementor-section elementor-inner-section elementor-element elementor-element-60b8b41 elementor-section-full_width elementor-section-height-default elementor-section-height-default\" data-id=\"60b8b41\" data-element_type=\"section\">\n\t\t\t\t\t\t<div class=\"elementor-container elementor-column-gap-default\">\n\t\t\t\t\t<div class=\"elementor-column elementor-col-33 elementor-inner-column elementor-element elementor-element-e460e94\" data-id=\"e460e94\" data-element_type=\"column\">\n\t\t\t<div class=\"elementor-widget-wrap elementor-element-populated\">\n\t\t\t\t\t\t<div class=\"elementor-element elementor-element-430b758 elementor-widget elementor-widget-image\" data-id=\"430b758\" data-element_type=\"widget\" data-widget_type=\"image.default\">\n\t\t\t\t<div class=\"elementor-widget-container\">\n\t\t\t\t\t\t\t\t\t\t\t\t\t\t\t<img decoding=\"async\" width=\"200\" height=\"200\" src=\"https:\/\/www.physiokin.fr\/wp-content\/uploads\/2020\/10\/12.png\" class=\"attachment-large size-large wp-image-124\" alt=\"\" srcset=\"https:\/\/www.physiokin.fr\/wp-content\/uploads\/2020\/10\/12.png 200w, https:\/\/www.physiokin.fr\/wp-content\/uploads\/2020\/10\/12-150x150.png 150w\" sizes=\"(max-width: 200px) 100vw, 200px\" \/>\t\t\t\t\t\t\t\t\t\t\t\t\t\t\t<\/div>\n\t\t\t\t<\/div>\n\t\t\t\t<div class=\"elementor-element elementor-element-92e9686 elementor-widget elementor-widget-heading\" data-id=\"92e9686\" data-element_type=\"widget\" data-widget_type=\"heading.default\">\n\t\t\t\t<div class=\"elementor-widget-container\">\n\t\t\t\t\t<h3 class=\"elementor-heading-title elementor-size-default\">Objectifs p\u00e9dagogiques sp\u00e9cifiques<\/h3>\t\t\t\t<\/div>\n\t\t\t\t<\/div>\n\t\t\t\t<div class=\"elementor-element elementor-element-2aca59f elementor-widget elementor-widget-text-editor\" data-id=\"2aca59f\" data-element_type=\"widget\" data-widget_type=\"text-editor.default\">\n\t\t\t\t<div class=\"elementor-widget-container\">\n\t\t\t\t\t\t\t\t\t<h4>S\u00c9QUENCE 3<br \/>DUR\u00c9E : 4h00<\/h4><ul><li>Maitriser les techniques de lev\u00e9 de tension des muscles cl\u00e9s.<\/li><li>Appr\u00e9hender les mobilisations articulaires correctives non forc\u00e9es en conformit\u00e9 avec l\u2019avis du Conseil de l\u2019Ordre.<\/li><li>Maitriser les mobilisations m\u00e9canistes de restauration des amplitudes articulaires des articulations de la hanche, du genou et du complexe pied cheville.<\/li><\/ul>\t\t\t\t\t\t\t\t<\/div>\n\t\t\t\t<\/div>\n\t\t\t\t\t<\/div>\n\t\t<\/div>\n\t\t\t\t<div class=\"elementor-column elementor-col-33 elementor-inner-column elementor-element elementor-element-cd9f8ce\" data-id=\"cd9f8ce\" data-element_type=\"column\">\n\t\t\t<div class=\"elementor-widget-wrap elementor-element-populated\">\n\t\t\t\t\t\t<div class=\"elementor-element elementor-element-2d263b9 elementor-widget elementor-widget-image\" data-id=\"2d263b9\" data-element_type=\"widget\" data-widget_type=\"image.default\">\n\t\t\t\t<div class=\"elementor-widget-container\">\n\t\t\t\t\t\t\t\t\t\t\t\t\t\t\t<img decoding=\"async\" width=\"200\" height=\"200\" src=\"https:\/\/www.physiokin.fr\/wp-content\/uploads\/2020\/10\/13.png\" class=\"attachment-large size-large wp-image-125\" alt=\"\" srcset=\"https:\/\/www.physiokin.fr\/wp-content\/uploads\/2020\/10\/13.png 200w, https:\/\/www.physiokin.fr\/wp-content\/uploads\/2020\/10\/13-150x150.png 150w\" sizes=\"(max-width: 200px) 100vw, 200px\" \/>\t\t\t\t\t\t\t\t\t\t\t\t\t\t\t<\/div>\n\t\t\t\t<\/div>\n\t\t\t\t<div class=\"elementor-element elementor-element-f5d8f62 elementor-widget elementor-widget-heading\" data-id=\"f5d8f62\" data-element_type=\"widget\" data-widget_type=\"heading.default\">\n\t\t\t\t<div class=\"elementor-widget-container\">\n\t\t\t\t\t<h3 class=\"elementor-heading-title elementor-size-default\">Contenu <br> <br><\/h3>\t\t\t\t<\/div>\n\t\t\t\t<\/div>\n\t\t\t\t<div class=\"elementor-element elementor-element-cd666c2 elementor-widget elementor-widget-text-editor\" data-id=\"cd666c2\" data-element_type=\"widget\" data-widget_type=\"text-editor.default\">\n\t\t\t\t<div class=\"elementor-widget-container\">\n\t\t\t\t\t\t\t\t\t<ul><li>D\u00e9monstration des modalit\u00e9s de r\u00e9alisation des lev\u00e9s de tension, des mobilisations sp\u00e9cifiques non forc\u00e9es, des mobilisations des articulations du membre inf\u00e9rieur. En lien avec l\u2019arbre d\u00e9cisionnel, des tests cliniques abord\u00e9s dans la s\u00e9quence pr\u00e9c\u00e9dente.<\/li><\/ul>\t\t\t\t\t\t\t\t<\/div>\n\t\t\t\t<\/div>\n\t\t\t\t\t<\/div>\n\t\t<\/div>\n\t\t\t\t<div class=\"elementor-column elementor-col-33 elementor-inner-column elementor-element elementor-element-1b31ec4\" data-id=\"1b31ec4\" data-element_type=\"column\">\n\t\t\t<div class=\"elementor-widget-wrap elementor-element-populated\">\n\t\t\t\t\t\t<div class=\"elementor-element elementor-element-6e9d217 elementor-widget elementor-widget-image\" data-id=\"6e9d217\" data-element_type=\"widget\" data-widget_type=\"image.default\">\n\t\t\t\t<div class=\"elementor-widget-container\">\n\t\t\t\t\t\t\t\t\t\t\t\t\t\t\t<img loading=\"lazy\" decoding=\"async\" width=\"200\" height=\"200\" src=\"https:\/\/www.physiokin.fr\/wp-content\/uploads\/2020\/10\/14.png\" class=\"attachment-large size-large wp-image-126\" alt=\"\" srcset=\"https:\/\/www.physiokin.fr\/wp-content\/uploads\/2020\/10\/14.png 200w, https:\/\/www.physiokin.fr\/wp-content\/uploads\/2020\/10\/14-150x150.png 150w\" sizes=\"(max-width: 200px) 100vw, 200px\" \/>\t\t\t\t\t\t\t\t\t\t\t\t\t\t\t<\/div>\n\t\t\t\t<\/div>\n\t\t\t\t<div class=\"elementor-element elementor-element-f8da8d1 elementor-widget elementor-widget-heading\" data-id=\"f8da8d1\" data-element_type=\"widget\" data-widget_type=\"heading.default\">\n\t\t\t\t<div class=\"elementor-widget-container\">\n\t\t\t\t\t<h3 class=\"elementor-heading-title elementor-size-default\">Outils et m\u00e9thodes p\u00e9dagogiques\n<\/h3>\t\t\t\t<\/div>\n\t\t\t\t<\/div>\n\t\t\t\t<div class=\"elementor-element elementor-element-43a41ba elementor-widget elementor-widget-text-editor\" data-id=\"43a41ba\" data-element_type=\"widget\" data-widget_type=\"text-editor.default\">\n\t\t\t\t<div class=\"elementor-widget-container\">\n\t\t\t\t\t\t\t\t\t<ul><li>Diaporama, d\u00e9monstration par les formateurs, ateliers pratiques en bi ou trin\u00f4me sur table de soin, r\u00e9alisation de vid\u00e9os sur site pour r\u00e9vision \u00e0 post\u00e9riori.\u00a0<\/li><li>Travail collaboratif entre les stagiaires exp\u00e9riment\u00e9s et les novices, afin que chacun trouve sa position ergonomique ad\u00e9quate, et sa gestualit\u00e9 personnalis\u00e9e.<\/li><\/ul>\t\t\t\t\t\t\t\t<\/div>\n\t\t\t\t<\/div>\n\t\t\t\t\t<\/div>\n\t\t<\/div>\n\t\t\t\t\t<\/div>\n\t\t<\/section>\n\t\t\t\t<section class=\"elementor-section elementor-inner-section elementor-element elementor-element-93997b2 elementor-section-full_width elementor-section-height-default elementor-section-height-default\" data-id=\"93997b2\" data-element_type=\"section\">\n\t\t\t\t\t\t<div class=\"elementor-container elementor-column-gap-default\">\n\t\t\t\t\t<div class=\"elementor-column elementor-col-33 elementor-inner-column elementor-element elementor-element-10d3518\" data-id=\"10d3518\" data-element_type=\"column\">\n\t\t\t<div class=\"elementor-widget-wrap elementor-element-populated\">\n\t\t\t\t\t\t<div class=\"elementor-element elementor-element-e2afe2c elementor-widget elementor-widget-image\" data-id=\"e2afe2c\" data-element_type=\"widget\" data-widget_type=\"image.default\">\n\t\t\t\t<div class=\"elementor-widget-container\">\n\t\t\t\t\t\t\t\t\t\t\t\t\t\t\t<img decoding=\"async\" width=\"200\" height=\"200\" src=\"https:\/\/www.physiokin.fr\/wp-content\/uploads\/2020\/10\/12.png\" class=\"attachment-large size-large wp-image-124\" alt=\"\" srcset=\"https:\/\/www.physiokin.fr\/wp-content\/uploads\/2020\/10\/12.png 200w, https:\/\/www.physiokin.fr\/wp-content\/uploads\/2020\/10\/12-150x150.png 150w\" sizes=\"(max-width: 200px) 100vw, 200px\" \/>\t\t\t\t\t\t\t\t\t\t\t\t\t\t\t<\/div>\n\t\t\t\t<\/div>\n\t\t\t\t<div class=\"elementor-element elementor-element-338da58 elementor-widget elementor-widget-heading\" data-id=\"338da58\" data-element_type=\"widget\" data-widget_type=\"heading.default\">\n\t\t\t\t<div class=\"elementor-widget-container\">\n\t\t\t\t\t<h3 class=\"elementor-heading-title elementor-size-default\">Objectifs p\u00e9dagogiques sp\u00e9cifiques<\/h3>\t\t\t\t<\/div>\n\t\t\t\t<\/div>\n\t\t\t\t<div class=\"elementor-element elementor-element-da718a1 elementor-widget elementor-widget-text-editor\" data-id=\"da718a1\" data-element_type=\"widget\" data-widget_type=\"text-editor.default\">\n\t\t\t\t<div class=\"elementor-widget-container\">\n\t\t\t\t\t\t\t\t\t<h4>S\u00c9QUENCE 4<br \/>DUR\u00c9E : 0h45<\/h4><ul><li>Mettre en place le protocole de Stanish (exemple d\u2019une tendinopathie d\u2019Achille).<\/li><\/ul>\t\t\t\t\t\t\t\t<\/div>\n\t\t\t\t<\/div>\n\t\t\t\t\t<\/div>\n\t\t<\/div>\n\t\t\t\t<div class=\"elementor-column elementor-col-33 elementor-inner-column elementor-element elementor-element-5962776\" data-id=\"5962776\" data-element_type=\"column\">\n\t\t\t<div class=\"elementor-widget-wrap elementor-element-populated\">\n\t\t\t\t\t\t<div class=\"elementor-element elementor-element-7968c1f elementor-widget elementor-widget-image\" data-id=\"7968c1f\" data-element_type=\"widget\" data-widget_type=\"image.default\">\n\t\t\t\t<div class=\"elementor-widget-container\">\n\t\t\t\t\t\t\t\t\t\t\t\t\t\t\t<img decoding=\"async\" width=\"200\" height=\"200\" src=\"https:\/\/www.physiokin.fr\/wp-content\/uploads\/2020\/10\/13.png\" class=\"attachment-large size-large wp-image-125\" alt=\"\" srcset=\"https:\/\/www.physiokin.fr\/wp-content\/uploads\/2020\/10\/13.png 200w, https:\/\/www.physiokin.fr\/wp-content\/uploads\/2020\/10\/13-150x150.png 150w\" sizes=\"(max-width: 200px) 100vw, 200px\" \/>\t\t\t\t\t\t\t\t\t\t\t\t\t\t\t<\/div>\n\t\t\t\t<\/div>\n\t\t\t\t<div class=\"elementor-element elementor-element-304f0c2 elementor-widget elementor-widget-heading\" data-id=\"304f0c2\" data-element_type=\"widget\" data-widget_type=\"heading.default\">\n\t\t\t\t<div class=\"elementor-widget-container\">\n\t\t\t\t\t<h3 class=\"elementor-heading-title elementor-size-default\">Contenu <br> <br><\/h3>\t\t\t\t<\/div>\n\t\t\t\t<\/div>\n\t\t\t\t<div class=\"elementor-element elementor-element-84eacd9 elementor-widget elementor-widget-text-editor\" data-id=\"84eacd9\" data-element_type=\"widget\" data-widget_type=\"text-editor.default\">\n\t\t\t\t<div class=\"elementor-widget-container\">\n\t\t\t\t\t\t\t\t\t<ul><li>Objectifs : redonner de la souplesse et de l\u2019\u00e9lasticit\u00e9 au tendon, favoriser la vascularisation et la r\u00e9g\u00e9n\u00e9ration du collag\u00e8ne.<\/li><li>Dur\u00e9e : 6 semaines, 3 fois\/semaines<\/li><li>Protocole :<ul><li>Phase 1 : \u00c9tirement du muscle\u00a0<\/li><li>Phase 2 : Renforcement en excentrique du muscle\u00a0<\/li><li>Phase 3 : \u00c9tirement et lev\u00e9e de tension du muscle\u00a0<\/li><li>Phase 4 : Gla\u00e7age<\/li><\/ul><\/li><\/ul>\t\t\t\t\t\t\t\t<\/div>\n\t\t\t\t<\/div>\n\t\t\t\t\t<\/div>\n\t\t<\/div>\n\t\t\t\t<div class=\"elementor-column elementor-col-33 elementor-inner-column elementor-element elementor-element-aa827e3\" data-id=\"aa827e3\" data-element_type=\"column\">\n\t\t\t<div class=\"elementor-widget-wrap elementor-element-populated\">\n\t\t\t\t\t\t<div class=\"elementor-element elementor-element-2783441 elementor-widget elementor-widget-image\" data-id=\"2783441\" data-element_type=\"widget\" data-widget_type=\"image.default\">\n\t\t\t\t<div class=\"elementor-widget-container\">\n\t\t\t\t\t\t\t\t\t\t\t\t\t\t\t<img loading=\"lazy\" decoding=\"async\" width=\"200\" height=\"200\" src=\"https:\/\/www.physiokin.fr\/wp-content\/uploads\/2020\/10\/14.png\" class=\"attachment-large size-large wp-image-126\" alt=\"\" srcset=\"https:\/\/www.physiokin.fr\/wp-content\/uploads\/2020\/10\/14.png 200w, https:\/\/www.physiokin.fr\/wp-content\/uploads\/2020\/10\/14-150x150.png 150w\" sizes=\"(max-width: 200px) 100vw, 200px\" \/>\t\t\t\t\t\t\t\t\t\t\t\t\t\t\t<\/div>\n\t\t\t\t<\/div>\n\t\t\t\t<div class=\"elementor-element elementor-element-e8a2f8c elementor-widget elementor-widget-heading\" data-id=\"e8a2f8c\" data-element_type=\"widget\" data-widget_type=\"heading.default\">\n\t\t\t\t<div class=\"elementor-widget-container\">\n\t\t\t\t\t<h3 class=\"elementor-heading-title elementor-size-default\">Outils et m\u00e9thodes p\u00e9dagogiques\n<\/h3>\t\t\t\t<\/div>\n\t\t\t\t<\/div>\n\t\t\t\t<div class=\"elementor-element elementor-element-d3be3c3 elementor-widget elementor-widget-text-editor\" data-id=\"d3be3c3\" data-element_type=\"widget\" data-widget_type=\"text-editor.default\">\n\t\t\t\t<div class=\"elementor-widget-container\">\n\t\t\t\t\t\t\t\t\t<ul><li>Ateliers pratiques en bi ou trin\u00f4me, r\u00e9alisation de vid\u00e9os sur site pour r\u00e9vision \u00e0 post\u00e9riori.\u00a0<\/li><li>Travail collaboratif entre les stagiaires exp\u00e9riment\u00e9s et les novices, afin que chacun trouve sa position ergonomique ad\u00e9quate, et sa gestualit\u00e9 personnalis\u00e9e.\u00a0<\/li><li>Atelier de d\u00e9monstration par les formateurs.<\/li><\/ul>\t\t\t\t\t\t\t\t<\/div>\n\t\t\t\t<\/div>\n\t\t\t\t\t<\/div>\n\t\t<\/div>\n\t\t\t\t\t<\/div>\n\t\t<\/section>\n\t\t\t\t<section class=\"elementor-section elementor-inner-section elementor-element elementor-element-38c2087 elementor-section-full_width elementor-section-height-default elementor-section-height-default\" data-id=\"38c2087\" data-element_type=\"section\">\n\t\t\t\t\t\t<div class=\"elementor-container elementor-column-gap-default\">\n\t\t\t\t\t<div class=\"elementor-column elementor-col-33 elementor-inner-column elementor-element elementor-element-ad4b528\" data-id=\"ad4b528\" data-element_type=\"column\">\n\t\t\t<div class=\"elementor-widget-wrap elementor-element-populated\">\n\t\t\t\t\t\t<div class=\"elementor-element elementor-element-69d965f elementor-widget elementor-widget-image\" data-id=\"69d965f\" data-element_type=\"widget\" data-widget_type=\"image.default\">\n\t\t\t\t<div class=\"elementor-widget-container\">\n\t\t\t\t\t\t\t\t\t\t\t\t\t\t\t<img decoding=\"async\" width=\"200\" height=\"200\" src=\"https:\/\/www.physiokin.fr\/wp-content\/uploads\/2020\/10\/12.png\" class=\"attachment-large size-large wp-image-124\" alt=\"\" srcset=\"https:\/\/www.physiokin.fr\/wp-content\/uploads\/2020\/10\/12.png 200w, https:\/\/www.physiokin.fr\/wp-content\/uploads\/2020\/10\/12-150x150.png 150w\" sizes=\"(max-width: 200px) 100vw, 200px\" \/>\t\t\t\t\t\t\t\t\t\t\t\t\t\t\t<\/div>\n\t\t\t\t<\/div>\n\t\t\t\t<div class=\"elementor-element elementor-element-4186050 elementor-widget elementor-widget-heading\" data-id=\"4186050\" data-element_type=\"widget\" data-widget_type=\"heading.default\">\n\t\t\t\t<div class=\"elementor-widget-container\">\n\t\t\t\t\t<h3 class=\"elementor-heading-title elementor-size-default\">Objectifs p\u00e9dagogiques sp\u00e9cifiques<\/h3>\t\t\t\t<\/div>\n\t\t\t\t<\/div>\n\t\t\t\t<div class=\"elementor-element elementor-element-54f062f elementor-widget elementor-widget-text-editor\" data-id=\"54f062f\" data-element_type=\"widget\" data-widget_type=\"text-editor.default\">\n\t\t\t\t<div class=\"elementor-widget-container\">\n\t\t\t\t\t\t\t\t\t<h4>S\u00c9QUENCE 5<br \/>DUR\u00c9E : 1h15<\/h4><ul><li>Maitriser les techniques auto-r\u00e9\u00e9ducatives qui ont vocation \u00e0 autonomiser le patient.<\/li><\/ul>\t\t\t\t\t\t\t\t<\/div>\n\t\t\t\t<\/div>\n\t\t\t\t\t<\/div>\n\t\t<\/div>\n\t\t\t\t<div class=\"elementor-column elementor-col-33 elementor-inner-column elementor-element elementor-element-3445f04\" data-id=\"3445f04\" data-element_type=\"column\">\n\t\t\t<div class=\"elementor-widget-wrap elementor-element-populated\">\n\t\t\t\t\t\t<div class=\"elementor-element elementor-element-1847acf elementor-widget elementor-widget-image\" data-id=\"1847acf\" data-element_type=\"widget\" data-widget_type=\"image.default\">\n\t\t\t\t<div class=\"elementor-widget-container\">\n\t\t\t\t\t\t\t\t\t\t\t\t\t\t\t<img decoding=\"async\" width=\"200\" height=\"200\" src=\"https:\/\/www.physiokin.fr\/wp-content\/uploads\/2020\/10\/13.png\" class=\"attachment-large size-large wp-image-125\" alt=\"\" srcset=\"https:\/\/www.physiokin.fr\/wp-content\/uploads\/2020\/10\/13.png 200w, https:\/\/www.physiokin.fr\/wp-content\/uploads\/2020\/10\/13-150x150.png 150w\" sizes=\"(max-width: 200px) 100vw, 200px\" \/>\t\t\t\t\t\t\t\t\t\t\t\t\t\t\t<\/div>\n\t\t\t\t<\/div>\n\t\t\t\t<div class=\"elementor-element elementor-element-aeb6010 elementor-widget elementor-widget-heading\" data-id=\"aeb6010\" data-element_type=\"widget\" data-widget_type=\"heading.default\">\n\t\t\t\t<div class=\"elementor-widget-container\">\n\t\t\t\t\t<h3 class=\"elementor-heading-title elementor-size-default\">Contenu <br> <br><\/h3>\t\t\t\t<\/div>\n\t\t\t\t<\/div>\n\t\t\t\t<div class=\"elementor-element elementor-element-d8605ad elementor-widget elementor-widget-text-editor\" data-id=\"d8605ad\" data-element_type=\"widget\" data-widget_type=\"text-editor.default\">\n\t\t\t\t<div class=\"elementor-widget-container\">\n\t\t\t\t\t\t\t\t\t<ul><li>Co-construction d\u2019un recueil vid\u00e9o d\u2019auto exercices :<ul><li>Atelier pratique de renforcement musculaire du membre inf\u00e9rieur.<\/li><li>Atelier pratique d\u2019assouplissement, d\u2019auto-\u00e9tirement, de proprioception des membres inf\u00e9rieurs.<\/li><\/ul><\/li><\/ul>\t\t\t\t\t\t\t\t<\/div>\n\t\t\t\t<\/div>\n\t\t\t\t\t<\/div>\n\t\t<\/div>\n\t\t\t\t<div class=\"elementor-column elementor-col-33 elementor-inner-column elementor-element elementor-element-d055ed4\" data-id=\"d055ed4\" data-element_type=\"column\">\n\t\t\t<div class=\"elementor-widget-wrap elementor-element-populated\">\n\t\t\t\t\t\t<div class=\"elementor-element elementor-element-07c3801 elementor-widget elementor-widget-image\" data-id=\"07c3801\" data-element_type=\"widget\" data-widget_type=\"image.default\">\n\t\t\t\t<div class=\"elementor-widget-container\">\n\t\t\t\t\t\t\t\t\t\t\t\t\t\t\t<img loading=\"lazy\" decoding=\"async\" width=\"200\" height=\"200\" src=\"https:\/\/www.physiokin.fr\/wp-content\/uploads\/2020\/10\/14.png\" class=\"attachment-large size-large wp-image-126\" alt=\"\" srcset=\"https:\/\/www.physiokin.fr\/wp-content\/uploads\/2020\/10\/14.png 200w, https:\/\/www.physiokin.fr\/wp-content\/uploads\/2020\/10\/14-150x150.png 150w\" sizes=\"(max-width: 200px) 100vw, 200px\" \/>\t\t\t\t\t\t\t\t\t\t\t\t\t\t\t<\/div>\n\t\t\t\t<\/div>\n\t\t\t\t<div class=\"elementor-element elementor-element-adceaef elementor-widget elementor-widget-heading\" data-id=\"adceaef\" data-element_type=\"widget\" data-widget_type=\"heading.default\">\n\t\t\t\t<div class=\"elementor-widget-container\">\n\t\t\t\t\t<h3 class=\"elementor-heading-title elementor-size-default\">Outils et m\u00e9thodes p\u00e9dagogiques\n<\/h3>\t\t\t\t<\/div>\n\t\t\t\t<\/div>\n\t\t\t\t<div class=\"elementor-element elementor-element-92b6847 elementor-widget elementor-widget-text-editor\" data-id=\"92b6847\" data-element_type=\"widget\" data-widget_type=\"text-editor.default\">\n\t\t\t\t<div class=\"elementor-widget-container\">\n\t\t\t\t\t\t\t\t\t<ul><li>Diaporama, d\u00e9monstration par les formateurs, ateliers pratiques en bi ou trin\u00f4me sur table de soin et sur tapis, r\u00e9alisation de vid\u00e9os sur site pour r\u00e9vision \u00e0 post\u00e9riori.\u00a0<\/li><li>Travail collaboratif entre les stagiaires : place de l\u2019adh\u00e9sion th\u00e9rapeutique, approche motivationnelle et proposition d\u2019auto-r\u00e9\u00e9ducation.\u00a0<\/li><li>R\u00e9gulation par les formateurs. Mise en situation \u00e0 partir de cas cliniques pos\u00e9s aux stagiaires.\u00a0\u00a0<\/li><\/ul>\t\t\t\t\t\t\t\t<\/div>\n\t\t\t\t<\/div>\n\t\t\t\t\t<\/div>\n\t\t<\/div>\n\t\t\t\t\t<\/div>\n\t\t<\/section>\n\t\t\t\t<section class=\"elementor-section elementor-inner-section elementor-element elementor-element-809c174 elementor-section-full_width elementor-section-height-default elementor-section-height-default\" data-id=\"809c174\" data-element_type=\"section\">\n\t\t\t\t\t\t<div class=\"elementor-container elementor-column-gap-default\">\n\t\t\t\t\t<div class=\"elementor-column elementor-col-33 elementor-inner-column elementor-element elementor-element-72d3ea8\" data-id=\"72d3ea8\" data-element_type=\"column\">\n\t\t\t<div class=\"elementor-widget-wrap elementor-element-populated\">\n\t\t\t\t\t\t<div class=\"elementor-element elementor-element-a35160a elementor-widget elementor-widget-image\" data-id=\"a35160a\" data-element_type=\"widget\" data-widget_type=\"image.default\">\n\t\t\t\t<div class=\"elementor-widget-container\">\n\t\t\t\t\t\t\t\t\t\t\t\t\t\t\t<img decoding=\"async\" width=\"200\" height=\"200\" src=\"https:\/\/www.physiokin.fr\/wp-content\/uploads\/2020\/10\/12.png\" class=\"attachment-large size-large wp-image-124\" alt=\"\" srcset=\"https:\/\/www.physiokin.fr\/wp-content\/uploads\/2020\/10\/12.png 200w, https:\/\/www.physiokin.fr\/wp-content\/uploads\/2020\/10\/12-150x150.png 150w\" sizes=\"(max-width: 200px) 100vw, 200px\" \/>\t\t\t\t\t\t\t\t\t\t\t\t\t\t\t<\/div>\n\t\t\t\t<\/div>\n\t\t\t\t<div class=\"elementor-element elementor-element-280849f elementor-widget elementor-widget-heading\" data-id=\"280849f\" data-element_type=\"widget\" data-widget_type=\"heading.default\">\n\t\t\t\t<div class=\"elementor-widget-container\">\n\t\t\t\t\t<h3 class=\"elementor-heading-title elementor-size-default\">Objectifs p\u00e9dagogiques sp\u00e9cifiques<\/h3>\t\t\t\t<\/div>\n\t\t\t\t<\/div>\n\t\t\t\t<div class=\"elementor-element elementor-element-2bb0574 elementor-widget elementor-widget-text-editor\" data-id=\"2bb0574\" data-element_type=\"widget\" data-widget_type=\"text-editor.default\">\n\t\t\t\t<div class=\"elementor-widget-container\">\n\t\t\t\t\t\t\t\t\t<h4>S\u00c9QUENCE 6<br \/>DUR\u00c9E : 0h30<\/h4><ul><li>Promouvoir la sant\u00e9 par le sport conform\u00e9ment \u00e0 la Strat\u00e9gie Nationale sport Sant\u00e9 2019-2024.<\/li><li>Sensibiliser les professionnels \u00e0 la prescription du sport sant\u00e9.<\/li><\/ul>\t\t\t\t\t\t\t\t<\/div>\n\t\t\t\t<\/div>\n\t\t\t\t\t<\/div>\n\t\t<\/div>\n\t\t\t\t<div class=\"elementor-column elementor-col-33 elementor-inner-column elementor-element elementor-element-0148dc0\" data-id=\"0148dc0\" data-element_type=\"column\">\n\t\t\t<div class=\"elementor-widget-wrap elementor-element-populated\">\n\t\t\t\t\t\t<div class=\"elementor-element elementor-element-98af736 elementor-widget elementor-widget-image\" data-id=\"98af736\" data-element_type=\"widget\" data-widget_type=\"image.default\">\n\t\t\t\t<div class=\"elementor-widget-container\">\n\t\t\t\t\t\t\t\t\t\t\t\t\t\t\t<img decoding=\"async\" width=\"200\" height=\"200\" src=\"https:\/\/www.physiokin.fr\/wp-content\/uploads\/2020\/10\/13.png\" class=\"attachment-large size-large wp-image-125\" alt=\"\" srcset=\"https:\/\/www.physiokin.fr\/wp-content\/uploads\/2020\/10\/13.png 200w, https:\/\/www.physiokin.fr\/wp-content\/uploads\/2020\/10\/13-150x150.png 150w\" sizes=\"(max-width: 200px) 100vw, 200px\" \/>\t\t\t\t\t\t\t\t\t\t\t\t\t\t\t<\/div>\n\t\t\t\t<\/div>\n\t\t\t\t<div class=\"elementor-element elementor-element-f9ce4ec elementor-widget elementor-widget-heading\" data-id=\"f9ce4ec\" data-element_type=\"widget\" data-widget_type=\"heading.default\">\n\t\t\t\t<div class=\"elementor-widget-container\">\n\t\t\t\t\t<h3 class=\"elementor-heading-title elementor-size-default\">Contenu <br> <br><\/h3>\t\t\t\t<\/div>\n\t\t\t\t<\/div>\n\t\t\t\t<div class=\"elementor-element elementor-element-4d730e5 elementor-widget elementor-widget-text-editor\" data-id=\"4d730e5\" data-element_type=\"widget\" data-widget_type=\"text-editor.default\">\n\t\t\t\t<div class=\"elementor-widget-container\">\n\t\t\t\t\t\t\t\t\t<ul><li>D\u00e9finir ce qu\u2019est l\u2019activit\u00e9 physique adapt\u00e9e \u00e0 vis\u00e9e th\u00e9rapeutique et\/ou pr\u00e9ventive.<\/li><li>R\u00f4le des maisons sport sant\u00e9.<\/li><li>Les ressources des territoires.<\/li><li>Impact biopsychosocial et sanitaire.<\/li><\/ul>\t\t\t\t\t\t\t\t<\/div>\n\t\t\t\t<\/div>\n\t\t\t\t\t<\/div>\n\t\t<\/div>\n\t\t\t\t<div class=\"elementor-column elementor-col-33 elementor-inner-column elementor-element elementor-element-8c47e07\" data-id=\"8c47e07\" data-element_type=\"column\">\n\t\t\t<div class=\"elementor-widget-wrap elementor-element-populated\">\n\t\t\t\t\t\t<div class=\"elementor-element elementor-element-75bf6f6 elementor-widget elementor-widget-image\" data-id=\"75bf6f6\" data-element_type=\"widget\" data-widget_type=\"image.default\">\n\t\t\t\t<div class=\"elementor-widget-container\">\n\t\t\t\t\t\t\t\t\t\t\t\t\t\t\t<img loading=\"lazy\" decoding=\"async\" width=\"200\" height=\"200\" src=\"https:\/\/www.physiokin.fr\/wp-content\/uploads\/2020\/10\/14.png\" class=\"attachment-large size-large wp-image-126\" alt=\"\" srcset=\"https:\/\/www.physiokin.fr\/wp-content\/uploads\/2020\/10\/14.png 200w, https:\/\/www.physiokin.fr\/wp-content\/uploads\/2020\/10\/14-150x150.png 150w\" sizes=\"(max-width: 200px) 100vw, 200px\" \/>\t\t\t\t\t\t\t\t\t\t\t\t\t\t\t<\/div>\n\t\t\t\t<\/div>\n\t\t\t\t<div class=\"elementor-element elementor-element-63f07b3 elementor-widget elementor-widget-heading\" data-id=\"63f07b3\" data-element_type=\"widget\" data-widget_type=\"heading.default\">\n\t\t\t\t<div class=\"elementor-widget-container\">\n\t\t\t\t\t<h3 class=\"elementor-heading-title elementor-size-default\">Outils et m\u00e9thodes p\u00e9dagogiques\n<\/h3>\t\t\t\t<\/div>\n\t\t\t\t<\/div>\n\t\t\t\t<div class=\"elementor-element elementor-element-c0a1e1a elementor-widget elementor-widget-text-editor\" data-id=\"c0a1e1a\" data-element_type=\"widget\" data-widget_type=\"text-editor.default\">\n\t\t\t\t<div class=\"elementor-widget-container\">\n\t\t\t\t\t\t\t\t\t<ul><li><span style=\"background-color: transparent;\">Diaporama, m\u00e9thode affirmative.<span style=\"font-family: var( --e-global-typography-text-font-family ), Sans-serif;\"><span style=\"font-weight: var( --e-global-typography-text-font-weight );\">\u00a0<\/span><\/span><\/span><\/li><\/ul>\t\t\t\t\t\t\t\t<\/div>\n\t\t\t\t<\/div>\n\t\t\t\t\t<\/div>\n\t\t<\/div>\n\t\t\t\t\t<\/div>\n\t\t<\/section>\n\t\t\t\t<section class=\"elementor-section elementor-inner-section elementor-element elementor-element-e536487 elementor-section-boxed elementor-section-height-default elementor-section-height-default\" data-id=\"e536487\" data-element_type=\"section\">\n\t\t\t\t\t\t<div class=\"elementor-container elementor-column-gap-default\">\n\t\t\t\t\t<div class=\"elementor-column elementor-col-100 elementor-inner-column elementor-element elementor-element-9fed5d7\" data-id=\"9fed5d7\" data-element_type=\"column\">\n\t\t\t<div class=\"elementor-widget-wrap elementor-element-populated\">\n\t\t\t\t\t\t<div class=\"elementor-element elementor-element-227f9ae elementor-widget elementor-widget-text-editor\" data-id=\"227f9ae\" data-element_type=\"widget\" data-widget_type=\"text-editor.default\">\n\t\t\t\t<div class=\"elementor-widget-container\">\n\t\t\t\t\t\t\t\t\t<p><span style=\"color: #222222; font-family: arial, helvetica, sans-serif; font-size: 17.3333px;\">Mise \u00e0 jour 02\/2023.<\/span><\/p>\t\t\t\t\t\t\t\t<\/div>\n\t\t\t\t<\/div>\n\t\t\t\t<div class=\"elementor-element elementor-element-aad2c3a elementor-align-center elementor-widget elementor-widget-button\" data-id=\"aad2c3a\" data-element_type=\"widget\" data-widget_type=\"button.default\">\n\t\t\t\t<div class=\"elementor-widget-container\">\n\t\t\t\t\t\t\t\t\t<div class=\"elementor-button-wrapper\">\n\t\t\t\t\t<a class=\"elementor-button elementor-button-link elementor-size-xs\" href=\"https:\/\/www.physiokin.fr\/wp-content\/uploads\/2023\/12\/physiokin-formation-membres.pdf\" target=\"_blank\">\n\t\t\t\t\t\t<span class=\"elementor-button-content-wrapper\">\n\t\t\t\t\t\t\t\t\t<span class=\"elementor-button-text\">T\u00e9l\u00e9charger le PDF du programme<\/span>\n\t\t\t\t\t<\/span>\n\t\t\t\t\t<\/a>\n\t\t\t\t<\/div>\n\t\t\t\t\t\t\t\t<\/div>\n\t\t\t\t<\/div>\n\t\t\t\t\t<\/div>\n\t\t<\/div>\n\t\t\t\t\t<\/div>\n\t\t<\/section>\n\t\t\t\t<section class=\"elementor-section elementor-inner-section elementor-element elementor-element-1ec1411 elementor-section-boxed elementor-section-height-default elementor-section-height-default\" data-id=\"1ec1411\" data-element_type=\"section\">\n\t\t\t\t\t\t<div class=\"elementor-container elementor-column-gap-default\">\n\t\t\t\t\t<div class=\"elementor-column elementor-col-50 elementor-inner-column elementor-element elementor-element-edd2f74\" data-id=\"edd2f74\" data-element_type=\"column\">\n\t\t\t<div class=\"elementor-widget-wrap elementor-element-populated\">\n\t\t\t\t\t\t<div class=\"elementor-element elementor-element-55d9034 elementor-align-right elementor-widget elementor-widget-button\" data-id=\"55d9034\" data-element_type=\"widget\" data-widget_type=\"button.default\">\n\t\t\t\t<div class=\"elementor-widget-container\">\n\t\t\t\t\t\t\t\t\t<div class=\"elementor-button-wrapper\">\n\t\t\t\t\t<a class=\"elementor-button elementor-button-link elementor-size-sm\" href=\"https:\/\/www.physiokin.fr\/index.php\/formations\/\">\n\t\t\t\t\t\t<span class=\"elementor-button-content-wrapper\">\n\t\t\t\t\t\t\t\t\t<span class=\"elementor-button-text\">Retour aux programmes<\/span>\n\t\t\t\t\t<\/span>\n\t\t\t\t\t<\/a>\n\t\t\t\t<\/div>\n\t\t\t\t\t\t\t\t<\/div>\n\t\t\t\t<\/div>\n\t\t\t\t\t<\/div>\n\t\t<\/div>\n\t\t\t\t<div class=\"elementor-column elementor-col-50 elementor-inner-column elementor-element elementor-element-457b0bf\" data-id=\"457b0bf\" data-element_type=\"column\">\n\t\t\t<div class=\"elementor-widget-wrap elementor-element-populated\">\n\t\t\t\t\t\t<div class=\"elementor-element elementor-element-926fb30 elementor-align-left elementor-widget elementor-widget-button\" data-id=\"926fb30\" data-element_type=\"widget\" data-widget_type=\"button.default\">\n\t\t\t\t<div class=\"elementor-widget-container\">\n\t\t\t\t\t\t\t\t\t<div class=\"elementor-button-wrapper\">\n\t\t\t\t\t<a class=\"elementor-button elementor-button-link elementor-size-sm\" href=\"https:\/\/www.physiokin.fr\/index.php\/inscription\/\" target=\"_blank\">\n\t\t\t\t\t\t<span class=\"elementor-button-content-wrapper\">\n\t\t\t\t\t\t\t\t\t<span class=\"elementor-button-text\">S'inscrire \u00e0 la formation<\/span>\n\t\t\t\t\t<\/span>\n\t\t\t\t\t<\/a>\n\t\t\t\t<\/div>\n\t\t\t\t\t\t\t\t<\/div>\n\t\t\t\t<\/div>\n\t\t\t\t\t<\/div>\n\t\t<\/div>\n\t\t\t\t\t<\/div>\n\t\t<\/section>\n\t\t\t\t\t<\/div>\n\t\t<\/div>\n\t\t\t\t<div class=\"elementor-column elementor-col-50 elementor-top-column elementor-element elementor-element-3e3861aa\" data-id=\"3e3861aa\" data-element_type=\"column\">\n\t\t\t<div class=\"elementor-widget-wrap elementor-element-populated\">\n\t\t\t\t\t\t<div class=\"elementor-element elementor-element-75b448d8 elementor-widget elementor-widget-image\" data-id=\"75b448d8\" data-element_type=\"widget\" data-widget_type=\"image.default\">\n\t\t\t\t<div class=\"elementor-widget-container\">\n\t\t\t\t\t\t\t\t\t\t\t\t\t\t\t<img loading=\"lazy\" decoding=\"async\" width=\"230\" height=\"152\" src=\"https:\/\/www.physiokin.fr\/wp-content\/uploads\/2020\/10\/odpc.png\" class=\"attachment-large size-large wp-image-33\" alt=\"\" \/>\t\t\t\t\t\t\t\t\t\t\t\t\t\t\t<\/div>\n\t\t\t\t<\/div>\n\t\t\t\t<div class=\"elementor-element elementor-element-32a6e19a elementor-widget-divider--view-line elementor-widget elementor-widget-divider\" data-id=\"32a6e19a\" data-element_type=\"widget\" data-widget_type=\"divider.default\">\n\t\t\t\t<div class=\"elementor-widget-container\">\n\t\t\t\t\t\t\t<div class=\"elementor-divider\">\n\t\t\t<span class=\"elementor-divider-separator\">\n\t\t\t\t\t\t<\/span>\n\t\t<\/div>\n\t\t\t\t\t\t<\/div>\n\t\t\t\t<\/div>\n\t\t\t\t<div class=\"elementor-element elementor-element-17a20011 elementor-widget elementor-widget-heading\" data-id=\"17a20011\" data-element_type=\"widget\" data-widget_type=\"heading.default\">\n\t\t\t\t<div class=\"elementor-widget-container\">\n\t\t\t\t\t<p class=\"elementor-heading-title elementor-size-default\"><div class=\"elementor-element elementor-element-166a3deb elementor-widget elementor-widget-heading\" data-id=\"166a3deb\" data-element_type=\"widget\" data-widget_type=\"heading.default\">\n\t\t\t\t<div class=\"elementor-widget-container\">\n\t\t\t<p class=\"elementor-heading-title elementor-size-default\">Prochaines sessions 2026<\/p>\t\t<\/div>\n\t\t\t\t<\/div>\n\n\n<div class=\"elementor-element elementor-element-edffa23 elementor-widget elementor-widget-sidebar\" data-id=\"edffa23\" data-element_type=\"widget\" data-widget_type=\"sidebar.default\">\n\t\t\t\t<div class=\"elementor-widget-container\">\n\n<p style=\"text-align: center\"><i class=\"far fa-calendar-check\"><\/i> <strong>Kin\u00e9sith\u00e9rapie dans la n\u00e9vralgie cervico-brachiale<br> <\/strong><i>De la th\u00e9rapie manuelle vers l\u2019autonomie du patient<\/i><br><span style=\"color:red\">NOUVEAU sur 1 jour<\/span><br>23 mai - Amiens (80)<\/p>\n\n<p style=\"text-align: center\"><i class=\"far fa-calendar-check\"><\/i> <strong>Place du kin\u00e9sith\u00e9rapeute dans la r\u00e9habilitation respiratoire (BPCO)<\/strong><br>\n25 &amp; 26 septembre - Amiens (80)<br>20 &amp; 21 novembre - La Rochelle (17)\n<\/p>\n\n<p style=\"text-align: center\"><i class=\"far fa-calendar-check\"><\/i> <strong>Bronchiolite et asthme du nourrisson<\/strong><br>\n18 &amp; 19 septembre - Baie Mahaut (Guadeloupe)<br>\n9 &amp; 10 octobre - Le Touquet (62)<br>\n4 &amp; 5 d\u00e9cembre - Amiens (80)\n<\/p>\n\n<p style=\"text-align: center\"><i class=\"far fa-calendar-check\"><\/i> <strong>L\u2019\u00e9paule non op\u00e9r\u00e9e<\/strong><br><span><i>Du raisonnement clinique vers l\u2019autonomie du patient<\/i><\/span><br><span style=\"color:red\">NOUVEAU<\/span><br>12 &amp; 13 juin - Arras (62)<br>18 &amp; 19 septembre - Amiens (80)<\/p>\n\n<p style=\"text-align: center\"><i class=\"far fa-calendar-check\"><\/i> <strong>Kin\u00e9sith\u00e9rapie dans la mucoviscidose<\/strong><br>4 &amp; 5 septembre - Amiens (80)\n<br>\n18 &amp; 19 novembre - La Rochelle (17)<\/p>\n\n<p style=\"text-align: center\"><i class=\"far fa-calendar-check\"><\/i> <strong>Kin\u00e9sith\u00e9rapie dans les  troubles de l'oralit\u00e9 du nourrisson <\/strong><br><span style=\"color:red\">NOUVEAU<\/span><br>5 &amp; 6 juin  <span style=\"color:red\">(complet)<\/span> - Amiens (80)<br>25 &amp; 26 septembre - Amiens (80)<\/p>\n\n<p style=\"text-align: center\"><i class=\"far fa-calendar-check\"><\/i> <strong>Les l\u00e9sions musculaires du sportif <\/strong><br>25 septembre - Arras (62)<br>6 novembre - Amiens (80)<\/p>\n\n<p style=\"text-align: center\"><i class=\"far fa-calendar-check\"><\/i> <strong>Lombalgie : Tests cliniques sp\u00e9cifiques et r\u00e9\u00e9ducation <\/strong><br><span style=\"color:red\">NOUVEAU<\/span><br>29 &amp; 30 mai - Arras (62)<\/p>\n\n\t\t<\/div>\n\t\t\t\t<\/div>\n<\/p>\t\t\t\t<\/div>\n\t\t\t\t<\/div>\n\t\t\t\t<div class=\"elementor-element elementor-element-3169b45 elementor-widget elementor-widget-image\" data-id=\"3169b45\" data-element_type=\"widget\" data-widget_type=\"image.default\">\n\t\t\t\t<div class=\"elementor-widget-container\">\n\t\t\t\t\t\t\t\t\t\t\t\t\t\t\t\t<a href=\"https:\/\/www.physiokin.fr\/wp-content\/uploads\/2025\/02\/Certificat_1409_CW202216-2409_physiokinformation.pdf\" target=\"_blank\">\n\t\t\t\t\t\t\t<img loading=\"lazy\" decoding=\"async\" width=\"293\" height=\"200\" src=\"https:\/\/www.physiokin.fr\/wp-content\/uploads\/2023\/12\/physiokin-logo-qualiopi.jpg\" class=\"attachment-large size-large wp-image-1913\" alt=\"\" \/>\t\t\t\t\t\t\t\t<\/a>\n\t\t\t\t\t\t\t\t\t\t\t\t\t\t\t<\/div>\n\t\t\t\t<\/div>\n\t\t\t\t<section class=\"elementor-section elementor-inner-section elementor-element elementor-element-17bebbb elementor-section-boxed elementor-section-height-default elementor-section-height-default\" data-id=\"17bebbb\" data-element_type=\"section\">\n\t\t\t\t\t\t<div class=\"elementor-container elementor-column-gap-default\">\n\t\t\t\t\t<div class=\"elementor-column elementor-col-100 elementor-inner-column elementor-element elementor-element-a1da02f\" data-id=\"a1da02f\" data-element_type=\"column\">\n\t\t\t<div class=\"elementor-widget-wrap elementor-element-populated\">\n\t\t\t\t\t\t<div class=\"elementor-element elementor-element-430851e elementor-widget elementor-widget-image\" data-id=\"430851e\" data-element_type=\"widget\" data-widget_type=\"image.default\">\n\t\t\t\t<div class=\"elementor-widget-container\">\n\t\t\t\t\t\t\t\t\t\t\t\t\t\t\t<img loading=\"lazy\" decoding=\"async\" width=\"170\" height=\"201\" src=\"https:\/\/www.physiokin.fr\/wp-content\/uploads\/2020\/10\/datadocke-1.png\" class=\"attachment-large size-large wp-image-35\" alt=\"\" \/>\t\t\t\t\t\t\t\t\t\t\t\t\t\t\t<\/div>\n\t\t\t\t<\/div>\n\t\t\t\t\t<\/div>\n\t\t<\/div>\n\t\t\t\t\t<\/div>\n\t\t<\/section>\n\t\t\t\t<div class=\"elementor-element elementor-element-1dab2438 elementor-widget-divider--view-line elementor-widget elementor-widget-divider\" data-id=\"1dab2438\" data-element_type=\"widget\" data-widget_type=\"divider.default\">\n\t\t\t\t<div class=\"elementor-widget-container\">\n\t\t\t\t\t\t\t<div class=\"elementor-divider\">\n\t\t\t<span class=\"elementor-divider-separator\">\n\t\t\t\t\t\t<\/span>\n\t\t<\/div>\n\t\t\t\t\t\t<\/div>\n\t\t\t\t<\/div>\n\t\t\t\t<div class=\"elementor-element elementor-element-6223f937 elementor-align-center elementor-widget elementor-widget-button\" data-id=\"6223f937\" data-element_type=\"widget\" data-widget_type=\"button.default\">\n\t\t\t\t<div class=\"elementor-widget-container\">\n\t\t\t\t\t\t\t\t\t<div class=\"elementor-button-wrapper\">\n\t\t\t\t\t<a class=\"elementor-button elementor-button-link elementor-size-sm\" href=\"https:\/\/www.physiokin.fr\/index.php\/reglement-general-de-formation\/\">\n\t\t\t\t\t\t<span class=\"elementor-button-content-wrapper\">\n\t\t\t\t\t\t\t\t\t<span class=\"elementor-button-text\">R\u00e8glement int\u00e9rieur des formations<\/span>\n\t\t\t\t\t<\/span>\n\t\t\t\t\t<\/a>\n\t\t\t\t<\/div>\n\t\t\t\t\t\t\t\t<\/div>\n\t\t\t\t<\/div>\n\t\t\t\t<div class=\"elementor-element elementor-element-7448eb9 elementor-widget elementor-widget-image\" data-id=\"7448eb9\" data-element_type=\"widget\" data-widget_type=\"image.default\">\n\t\t\t\t<div class=\"elementor-widget-container\">\n\t\t\t\t\t\t\t\t\t\t\t\t\t\t\t<img loading=\"lazy\" decoding=\"async\" width=\"259\" height=\"194\" src=\"https:\/\/www.physiokin.fr\/wp-content\/uploads\/2021\/11\/rqth-logo.png\" class=\"attachment-large size-large wp-image-768\" alt=\"\" \/>\t\t\t\t\t\t\t\t\t\t\t\t\t\t\t<\/div>\n\t\t\t\t<\/div>\n\t\t\t\t<div class=\"elementor-element elementor-element-3d38b63 elementor-widget elementor-widget-text-editor\" data-id=\"3d38b63\" data-element_type=\"widget\" data-widget_type=\"text-editor.default\">\n\t\t\t\t<div class=\"elementor-widget-container\">\n\t\t\t\t\t\t\t\t\t<p><span style=\"color: #00ccff;\"><a style=\"color: #00ccff;\" href=\"https:\/\/www.physiokin.fr\/index.php\/accessibilite-handicap\/\"><strong>Vous \u00eates en situation de handicap ? Cliquez ici pour en savoir plus<\/strong><\/a><\/span><\/p>\t\t\t\t\t\t\t\t<\/div>\n\t\t\t\t<\/div>\n\t\t\t\t\t<\/div>\n\t\t<\/div>\n\t\t\t\t\t<\/div>\n\t\t<\/section>\n\t\t\t\t<section class=\"elementor-section elementor-top-section elementor-element elementor-element-65771b0e elementor-section-boxed elementor-section-height-default elementor-section-height-default\" data-id=\"65771b0e\" data-element_type=\"section\">\n\t\t\t\t\t\t<div class=\"elementor-container elementor-column-gap-default\">\n\t\t\t\t\t<div class=\"elementor-column elementor-col-100 elementor-top-column elementor-element elementor-element-48c77300\" data-id=\"48c77300\" data-element_type=\"column\">\n\t\t\t<div class=\"elementor-widget-wrap\">\n\t\t\t\t\t\t\t<\/div>\n\t\t<\/div>\n\t\t\t\t\t<\/div>\n\t\t<\/section>\n\t\t\t\t<\/div>\n\t\t","protected":false},"excerpt":{"rendered":"<p>TMS des membres : Des th\u00e9rapies manuelles vers l\u2019autonomie du patient Nombre de jours\u00a0: 2 \u2013 Nombre d\u2019heure\u00a0: 12 pr\u00e9sentielles+ 4 en EPP autonomie \u00e0 distance Pour poursuivre cette formation, vous devez \u00eatre titulaire du dipl\u00f4me MK Co\u00fbt de la formation : 550\u20ac + co\u00fbt EPP enti\u00e8rement pris en charge par l\u2019AGENCE DU DPC ou [&hellip;]<\/p>\n","protected":false},"author":1,"featured_media":0,"parent":28,"menu_order":0,"comment_status":"closed","ping_status":"closed","template":"elementor_header_footer","meta":{"footnotes":""},"class_list":["post-64","page","type-page","status-publish","hentry"],"yoast_head":"<!-- This site is optimized with the Yoast SEO plugin v25.4 - https:\/\/yoast.com\/wordpress\/plugins\/seo\/ -->\n<title>Physiokin Formation Kin\u00e9 - Th\u00e9rapie manuelle membres inf\u00e9rieurs et sup\u00e9rieurs<\/title>\n<meta name=\"description\" content=\"Physiokin Formation - Th\u00e9rapie manuelle membres inf\u00e9rieurs et sup\u00e9rieurs vers l\u2019autonomie du patient - Programme et objectifs\" \/>\n<meta name=\"robots\" content=\"index, follow, max-snippet:-1, max-image-preview:large, max-video-preview:-1\" \/>\n<link rel=\"canonical\" href=\"https:\/\/www.physiokin.fr\/index.php\/formations\/therapie-manuelle-membres-inferieurs-et-superieurs\/\" \/>\n<meta property=\"og:locale\" content=\"fr_FR\" \/>\n<meta property=\"og:type\" content=\"article\" \/>\n<meta property=\"og:title\" content=\"Physiokin Formation Kin\u00e9 - Th\u00e9rapie manuelle membres inf\u00e9rieurs et sup\u00e9rieurs\" \/>\n<meta property=\"og:description\" content=\"Physiokin Formation - Th\u00e9rapie manuelle membres inf\u00e9rieurs et sup\u00e9rieurs vers l\u2019autonomie du patient - Programme et objectifs\" \/>\n<meta property=\"og:url\" content=\"https:\/\/www.physiokin.fr\/index.php\/formations\/therapie-manuelle-membres-inferieurs-et-superieurs\/\" \/>\n<meta property=\"og:site_name\" content=\"Physiokin Formation\" \/>\n<meta property=\"article:publisher\" content=\"https:\/\/www.facebook.com\/profile.php?id=100064062223459\" \/>\n<meta property=\"article:modified_time\" content=\"2026-03-26T22:20:01+00:00\" \/>\n<meta property=\"og:image\" content=\"https:\/\/www.physiokin.fr\/wp-content\/uploads\/2020\/10\/Site-physiokin.png\" \/>\n\t<meta property=\"og:image:width\" content=\"200\" \/>\n\t<meta property=\"og:image:height\" content=\"200\" \/>\n\t<meta property=\"og:image:type\" content=\"image\/png\" \/>\n<meta name=\"twitter:card\" content=\"summary_large_image\" \/>\n<meta name=\"twitter:label1\" content=\"Dur\u00e9e de lecture estim\u00e9e\" \/>\n\t<meta name=\"twitter:data1\" content=\"11 minutes\" \/>\n<script type=\"application\/ld+json\" class=\"yoast-schema-graph\">{\"@context\":\"https:\/\/schema.org\",\"@graph\":[{\"@type\":\"WebPage\",\"@id\":\"https:\/\/www.physiokin.fr\/index.php\/formations\/therapie-manuelle-membres-inferieurs-et-superieurs\/\",\"url\":\"https:\/\/www.physiokin.fr\/index.php\/formations\/therapie-manuelle-membres-inferieurs-et-superieurs\/\",\"name\":\"Physiokin Formation Kin\u00e9 - Th\u00e9rapie manuelle membres inf\u00e9rieurs et sup\u00e9rieurs\",\"isPartOf\":{\"@id\":\"https:\/\/www.physiokin.fr\/#website\"},\"primaryImageOfPage\":{\"@id\":\"https:\/\/www.physiokin.fr\/index.php\/formations\/therapie-manuelle-membres-inferieurs-et-superieurs\/#primaryimage\"},\"image\":{\"@id\":\"https:\/\/www.physiokin.fr\/index.php\/formations\/therapie-manuelle-membres-inferieurs-et-superieurs\/#primaryimage\"},\"thumbnailUrl\":\"https:\/\/www.physiokin.fr\/wp-content\/uploads\/2020\/10\/Site-physiokin.png\",\"datePublished\":\"2020-10-16T21:24:30+00:00\",\"dateModified\":\"2026-03-26T22:20:01+00:00\",\"description\":\"Physiokin Formation - Th\u00e9rapie manuelle membres inf\u00e9rieurs et sup\u00e9rieurs vers l\u2019autonomie du patient - Programme et objectifs\",\"breadcrumb\":{\"@id\":\"https:\/\/www.physiokin.fr\/index.php\/formations\/therapie-manuelle-membres-inferieurs-et-superieurs\/#breadcrumb\"},\"inLanguage\":\"fr-FR\",\"potentialAction\":[{\"@type\":\"ReadAction\",\"target\":[\"https:\/\/www.physiokin.fr\/index.php\/formations\/therapie-manuelle-membres-inferieurs-et-superieurs\/\"]}]},{\"@type\":\"ImageObject\",\"inLanguage\":\"fr-FR\",\"@id\":\"https:\/\/www.physiokin.fr\/index.php\/formations\/therapie-manuelle-membres-inferieurs-et-superieurs\/#primaryimage\",\"url\":\"https:\/\/www.physiokin.fr\/wp-content\/uploads\/2020\/10\/Site-physiokin.png\",\"contentUrl\":\"https:\/\/www.physiokin.fr\/wp-content\/uploads\/2020\/10\/Site-physiokin.png\",\"width\":200,\"height\":200},{\"@type\":\"BreadcrumbList\",\"@id\":\"https:\/\/www.physiokin.fr\/index.php\/formations\/therapie-manuelle-membres-inferieurs-et-superieurs\/#breadcrumb\",\"itemListElement\":[{\"@type\":\"ListItem\",\"position\":1,\"name\":\"Accueil\",\"item\":\"https:\/\/www.physiokin.fr\/\"},{\"@type\":\"ListItem\",\"position\":2,\"name\":\"Formations\",\"item\":\"https:\/\/www.physiokin.fr\/index.php\/formations\/\"},{\"@type\":\"ListItem\",\"position\":3,\"name\":\"Th\u00e9rapie manuelle membres inf\u00e9rieurs et sup\u00e9rieurs\"}]},{\"@type\":\"WebSite\",\"@id\":\"https:\/\/www.physiokin.fr\/#website\",\"url\":\"https:\/\/www.physiokin.fr\/\",\"name\":\"Physiokin Formation\",\"description\":\"Formation pour masseurs kin\u00e9sith\u00e9rapeute\",\"publisher\":{\"@id\":\"https:\/\/www.physiokin.fr\/#organization\"},\"alternateName\":\"Physiokin Formation\",\"potentialAction\":[{\"@type\":\"SearchAction\",\"target\":{\"@type\":\"EntryPoint\",\"urlTemplate\":\"https:\/\/www.physiokin.fr\/?s={search_term_string}\"},\"query-input\":{\"@type\":\"PropertyValueSpecification\",\"valueRequired\":true,\"valueName\":\"search_term_string\"}}],\"inLanguage\":\"fr-FR\"},{\"@type\":\"Organization\",\"@id\":\"https:\/\/www.physiokin.fr\/#organization\",\"name\":\"Physiokin Formation\",\"url\":\"https:\/\/www.physiokin.fr\/\",\"logo\":{\"@type\":\"ImageObject\",\"inLanguage\":\"fr-FR\",\"@id\":\"https:\/\/www.physiokin.fr\/#\/schema\/logo\/image\/\",\"url\":\"https:\/\/www.physiokin.fr\/wp-content\/uploads\/2020\/10\/cropped-cropped-logo-site-physiokin-2.png\",\"contentUrl\":\"https:\/\/www.physiokin.fr\/wp-content\/uploads\/2020\/10\/cropped-cropped-logo-site-physiokin-2.png\",\"width\":150,\"height\":75,\"caption\":\"Physiokin Formation\"},\"image\":{\"@id\":\"https:\/\/www.physiokin.fr\/#\/schema\/logo\/image\/\"},\"sameAs\":[\"https:\/\/www.facebook.com\/profile.php?id=100064062223459\"]}]}<\/script>\n<!-- \/ Yoast SEO plugin. -->","yoast_head_json":{"title":"Physiokin Formation Kin\u00e9 - Th\u00e9rapie manuelle membres inf\u00e9rieurs et sup\u00e9rieurs","description":"Physiokin Formation - Th\u00e9rapie manuelle membres inf\u00e9rieurs et sup\u00e9rieurs vers l\u2019autonomie du patient - Programme et objectifs","robots":{"index":"index","follow":"follow","max-snippet":"max-snippet:-1","max-image-preview":"max-image-preview:large","max-video-preview":"max-video-preview:-1"},"canonical":"https:\/\/www.physiokin.fr\/index.php\/formations\/therapie-manuelle-membres-inferieurs-et-superieurs\/","og_locale":"fr_FR","og_type":"article","og_title":"Physiokin Formation Kin\u00e9 - Th\u00e9rapie manuelle membres inf\u00e9rieurs et sup\u00e9rieurs","og_description":"Physiokin Formation - Th\u00e9rapie manuelle membres inf\u00e9rieurs et sup\u00e9rieurs vers l\u2019autonomie du patient - Programme et objectifs","og_url":"https:\/\/www.physiokin.fr\/index.php\/formations\/therapie-manuelle-membres-inferieurs-et-superieurs\/","og_site_name":"Physiokin Formation","article_publisher":"https:\/\/www.facebook.com\/profile.php?id=100064062223459","article_modified_time":"2026-03-26T22:20:01+00:00","og_image":[{"width":200,"height":200,"url":"https:\/\/www.physiokin.fr\/wp-content\/uploads\/2020\/10\/Site-physiokin.png","type":"image\/png"}],"twitter_card":"summary_large_image","twitter_misc":{"Dur\u00e9e de lecture estim\u00e9e":"11 minutes"},"schema":{"@context":"https:\/\/schema.org","@graph":[{"@type":"WebPage","@id":"https:\/\/www.physiokin.fr\/index.php\/formations\/therapie-manuelle-membres-inferieurs-et-superieurs\/","url":"https:\/\/www.physiokin.fr\/index.php\/formations\/therapie-manuelle-membres-inferieurs-et-superieurs\/","name":"Physiokin Formation Kin\u00e9 - Th\u00e9rapie manuelle membres inf\u00e9rieurs et sup\u00e9rieurs","isPartOf":{"@id":"https:\/\/www.physiokin.fr\/#website"},"primaryImageOfPage":{"@id":"https:\/\/www.physiokin.fr\/index.php\/formations\/therapie-manuelle-membres-inferieurs-et-superieurs\/#primaryimage"},"image":{"@id":"https:\/\/www.physiokin.fr\/index.php\/formations\/therapie-manuelle-membres-inferieurs-et-superieurs\/#primaryimage"},"thumbnailUrl":"https:\/\/www.physiokin.fr\/wp-content\/uploads\/2020\/10\/Site-physiokin.png","datePublished":"2020-10-16T21:24:30+00:00","dateModified":"2026-03-26T22:20:01+00:00","description":"Physiokin Formation - Th\u00e9rapie manuelle membres inf\u00e9rieurs et sup\u00e9rieurs vers l\u2019autonomie du patient - Programme et objectifs","breadcrumb":{"@id":"https:\/\/www.physiokin.fr\/index.php\/formations\/therapie-manuelle-membres-inferieurs-et-superieurs\/#breadcrumb"},"inLanguage":"fr-FR","potentialAction":[{"@type":"ReadAction","target":["https:\/\/www.physiokin.fr\/index.php\/formations\/therapie-manuelle-membres-inferieurs-et-superieurs\/"]}]},{"@type":"ImageObject","inLanguage":"fr-FR","@id":"https:\/\/www.physiokin.fr\/index.php\/formations\/therapie-manuelle-membres-inferieurs-et-superieurs\/#primaryimage","url":"https:\/\/www.physiokin.fr\/wp-content\/uploads\/2020\/10\/Site-physiokin.png","contentUrl":"https:\/\/www.physiokin.fr\/wp-content\/uploads\/2020\/10\/Site-physiokin.png","width":200,"height":200},{"@type":"BreadcrumbList","@id":"https:\/\/www.physiokin.fr\/index.php\/formations\/therapie-manuelle-membres-inferieurs-et-superieurs\/#breadcrumb","itemListElement":[{"@type":"ListItem","position":1,"name":"Accueil","item":"https:\/\/www.physiokin.fr\/"},{"@type":"ListItem","position":2,"name":"Formations","item":"https:\/\/www.physiokin.fr\/index.php\/formations\/"},{"@type":"ListItem","position":3,"name":"Th\u00e9rapie manuelle membres inf\u00e9rieurs et sup\u00e9rieurs"}]},{"@type":"WebSite","@id":"https:\/\/www.physiokin.fr\/#website","url":"https:\/\/www.physiokin.fr\/","name":"Physiokin Formation","description":"Formation pour masseurs kin\u00e9sith\u00e9rapeute","publisher":{"@id":"https:\/\/www.physiokin.fr\/#organization"},"alternateName":"Physiokin Formation","potentialAction":[{"@type":"SearchAction","target":{"@type":"EntryPoint","urlTemplate":"https:\/\/www.physiokin.fr\/?s={search_term_string}"},"query-input":{"@type":"PropertyValueSpecification","valueRequired":true,"valueName":"search_term_string"}}],"inLanguage":"fr-FR"},{"@type":"Organization","@id":"https:\/\/www.physiokin.fr\/#organization","name":"Physiokin Formation","url":"https:\/\/www.physiokin.fr\/","logo":{"@type":"ImageObject","inLanguage":"fr-FR","@id":"https:\/\/www.physiokin.fr\/#\/schema\/logo\/image\/","url":"https:\/\/www.physiokin.fr\/wp-content\/uploads\/2020\/10\/cropped-cropped-logo-site-physiokin-2.png","contentUrl":"https:\/\/www.physiokin.fr\/wp-content\/uploads\/2020\/10\/cropped-cropped-logo-site-physiokin-2.png","width":150,"height":75,"caption":"Physiokin Formation"},"image":{"@id":"https:\/\/www.physiokin.fr\/#\/schema\/logo\/image\/"},"sameAs":["https:\/\/www.facebook.com\/profile.php?id=100064062223459"]}]}},"_links":{"self":[{"href":"https:\/\/www.physiokin.fr\/index.php\/wp-json\/wp\/v2\/pages\/64","targetHints":{"allow":["GET"]}}],"collection":[{"href":"https:\/\/www.physiokin.fr\/index.php\/wp-json\/wp\/v2\/pages"}],"about":[{"href":"https:\/\/www.physiokin.fr\/index.php\/wp-json\/wp\/v2\/types\/page"}],"author":[{"embeddable":true,"href":"https:\/\/www.physiokin.fr\/index.php\/wp-json\/wp\/v2\/users\/1"}],"replies":[{"embeddable":true,"href":"https:\/\/www.physiokin.fr\/index.php\/wp-json\/wp\/v2\/comments?post=64"}],"version-history":[{"count":120,"href":"https:\/\/www.physiokin.fr\/index.php\/wp-json\/wp\/v2\/pages\/64\/revisions"}],"predecessor-version":[{"id":4833,"href":"https:\/\/www.physiokin.fr\/index.php\/wp-json\/wp\/v2\/pages\/64\/revisions\/4833"}],"up":[{"embeddable":true,"href":"https:\/\/www.physiokin.fr\/index.php\/wp-json\/wp\/v2\/pages\/28"}],"wp:attachment":[{"href":"https:\/\/www.physiokin.fr\/index.php\/wp-json\/wp\/v2\/media?parent=64"}],"curies":[{"name":"wp","href":"https:\/\/api.w.org\/{rel}","templated":true}]}}